{"id":7035,"date":"2025-05-14T15:47:27","date_gmt":"2025-05-14T13:47:27","guid":{"rendered":"https:\/\/www.mkab.eu\/?page_id=7035"},"modified":"2026-03-30T16:50:55","modified_gmt":"2026-03-30T14:50:55","slug":"topical","status":"publish","type":"page","link":"https:\/\/www.mkab.eu\/en\/aktuellt\/","title":{"rendered":"Latest news"},"content":{"rendered":"<style type=\"text\/css\" data-created_by=\"avia_inline_auto\" id=\"style-css-av-6oyml-3ed3792f328b40056c88ab377dc50ae5\">\n.flex_column.av-6oyml-3ed3792f328b40056c88ab377dc50ae5{\nborder-radius:0px 0px 0px 0px;\npadding:0px 0px 0px 0px;\n}\n<\/style>\n<div  class='flex_column av-6oyml-3ed3792f328b40056c88ab377dc50ae5 av_one_full  avia-builder-el-0  avia-builder-el-no-sibling  first flex_column_div av-zero-column-padding'     ><section  class='av_textblock_section av-1o613h-355d38dd4afe4278bb23543076a9f230'   itemscope=\"itemscope\" itemtype=\"https:\/\/schema.org\/CreativeWork\" ><div class='avia_textblock'  itemprop=\"text\" ><h1 style=\"text-align: center;\"><strong data-start=\"88\" data-end=\"151\">Latest news<\/strong><\/h1>\n<\/div><\/section><br \/>\n<div  data-slideshow-options=\"{&quot;animation&quot;:&quot;fade&quot;,&quot;autoplay&quot;:false,&quot;loop_autoplay&quot;:&quot;once&quot;,&quot;interval&quot;:5,&quot;loop_manual&quot;:&quot;manual-endless&quot;,&quot;autoplay_stopper&quot;:false,&quot;noNavigation&quot;:false,&quot;show_slide_delay&quot;:90}\" class='avia-content-slider avia-content-grid-active avia-content-slider1 avia-content-slider-odd  avia-builder-el-2  el_after_av_textblock  el_before_av_hr  av-slideshow-ui av-control-default   av-no-slider-navigation av-slideshow-manual av-loop-once av-loop-manual-endless'  itemscope=\"itemscope\" itemtype=\"https:\/\/schema.org\/Blog\" ><div class=\"avia-content-slider-inner\"><div class=\"slide-entry-wrap\"><article class='slide-entry flex_column  post-entry post-entry-7877 slide-entry-overview slide-loop-1 slide-parity-odd  av_one_third first real-thumbnail posttype-post post-format-standard'  itemscope=\"itemscope\" itemtype=\"https:\/\/schema.org\/CreativeWork\" ><a href='https:\/\/www.mkab.eu\/en\/moten-teknik-och-provsmakning-pa-ffcr-i-kista\/' data-rel='slide-1' class='slide-image' title='Meetings technology and tasting at JRC in Kista'><img decoding=\"async\" fetchpriority=\"high\" width=\"495\" height=\"400\" src=\"https:\/\/i0.wp.com\/www.mkab.eu\/wp-content\/uploads\/2026\/02\/IMG_0219-scaled.jpeg?resize=495%2C400&amp;ssl=1\" class=\"wp-image-7879 avia-img-lazy-loading-not-7879 attachment-portfolio size-portfolio wp-post-image\" alt=\"A view from MKAB&#039;s stand at the 2026 JRC Fair\" srcset=\"https:\/\/i0.wp.com\/www.mkab.eu\/wp-content\/uploads\/2026\/02\/IMG_0219-scaled.jpeg?resize=495%2C400&amp;ssl=1 495w, https:\/\/i0.wp.com\/www.mkab.eu\/wp-content\/uploads\/2026\/02\/IMG_0219-scaled.jpeg?resize=845%2C684&amp;ssl=1 845w, https:\/\/i0.wp.com\/www.mkab.eu\/wp-content\/uploads\/2026\/02\/IMG_0219-scaled.jpeg?zoom=2&amp;resize=495%2C400&amp;ssl=1 990w, https:\/\/i0.wp.com\/www.mkab.eu\/wp-content\/uploads\/2026\/02\/IMG_0219-scaled.jpeg?zoom=3&amp;resize=495%2C400&amp;ssl=1 1485w\" sizes=\"(max-width: 495px) 100vw, 495px\" \/><\/a><div class=\"slide-content\"><header class=\"entry-content-header\" aria-label=\"Slide: M\u00f6ten teknik och provsmakning p\u00e5 FFCR i Kista\"><h3 class='slide-entry-title entry-title'  itemprop=\"headline\" ><a href='https:\/\/www.mkab.eu\/en\/moten-teknik-och-provsmakning-pa-ffcr-i-kista\/' title='Meetings technology and tasting at JRC in Kista'>Meetings technology and tasting at JRC in Kista<\/a><\/h3><span class=\"av-vertical-delimiter\"><\/span><\/header><div class=\"slide-meta\"><time class='slide-meta-time updated'  itemprop=\"datePublished\" datetime=\"2026-02-06T14:02:36+01:00\" >6 February, 2026<\/time><\/div><div class='slide-entry-excerpt entry-content'  itemprop=\"text\" >On 28-29 January, we will participate in the FFCR fair in Kista together with our sister companies Elektrotermo and Molins Rostfria. At Culina's stand M:38, we will show a selection of our products and offer an extraordinary experience. Throughout the fair, we will have a skilled chef on site who will give a live demonstration of FRXSH, an innovative solution that opens up new creative possibilities in the kitchen.<div class=\"read-more-link\"><a href=\"https:\/\/www.mkab.eu\/en\/moten-teknik-och-provsmakning-pa-ffcr-i-kista\/\" class=\"more-link\">Read more<span class='more-link-arrow avia-svg-icon avia-font-svg_entypo-fontello' data-av_svg_icon='right-open-big' data-av_iconset='svg_entypo-fontello'><svg version=\"1.1\" xmlns=\"http:\/\/www.w3.org\/2000\/svg\" width=\"15\" height=\"32\" viewbox=\"0 0 15 32\" preserveaspectratio=\"xMidYMid meet\" role=\"graphics-symbol\" aria-hidden=\"true\">\n<path d=\"M0.416 27.84l11.456-11.84-11.456-11.904q-0.832-0.832 0-1.536 0.832-0.832 1.536 0l12.544 12.608q0.768 0.832 0 1.6l-12.544 12.608q-0.704 0.832-1.536 0-0.832-0.704 0-1.536z\"><\/path>\n<\/svg><\/span><\/a><\/div><\/div><\/div><footer class=\"entry-footer\"><\/footer><span class='hidden'>\n\t\t\t\t<span class='av-structured-data'  itemprop=\"image\" itemscope=\"itemscope\" itemtype=\"https:\/\/schema.org\/ImageObject\" >\n\t\t\t\t\t\t<span itemprop='url'>https:\/\/i0.wp.com\/www.mkab.eu\/wp-content\/uploads\/2026\/02\/IMG_0219-scaled.jpeg?fit=1920%2C2560&ssl=1<\/span>\n\t\t\t\t\t\t<span itemprop='height'>2560<\/span>\n\t\t\t\t\t\t<span itemprop='width'>1920<\/span>\n\t\t\t\t<\/span>\n\t\t\t\t<span class='av-structured-data'  itemprop=\"publisher\" itemtype=\"https:\/\/schema.org\/Organization\" itemscope=\"itemscope\" >\n\t\t\t\t\t\t<span itemprop='name'>info@mkab.eu<\/span>\n\t\t\t\t\t\t<span itemprop='logo' itemscope itemtype='https:\/\/schema.org\/ImageObject'>\n\t\t\t\t\t\t\t<span itemprop='url'>https:\/\/www.mkab.eu\/wp-content\/uploads\/2024\/07\/Resurs-1.png<\/span>\n\t\t\t\t\t\t<\/span>\n\t\t\t\t<\/span><span class='av-structured-data'  itemprop=\"author\" itemscope=\"itemscope\" itemtype=\"https:\/\/schema.org\/Person\" ><span itemprop='name'>info@mkab.eu<\/span><\/span><span class='av-structured-data'  itemprop=\"datePublished\" datetime=\"2025-05-14T15:47:27+02:00\" >2026-02-06 14:02:36<\/span><span class='av-structured-data'  itemprop=\"dateModified\" itemtype=\"https:\/\/schema.org\/dateModified\" >2026-02-06 14:02:36<\/span><span class='av-structured-data'  itemprop=\"mainEntityOfPage\" itemtype=\"https:\/\/schema.org\/mainEntityOfPage\" ><span itemprop='name'>Meetings technology and tasting at JRC in Kista<\/span><\/span><\/span><\/article><article class='slide-entry flex_column  post-entry post-entry-7821 slide-entry-overview slide-loop-2 slide-parity-even  av_one_third  real-thumbnail posttype-post post-format-standard'  itemscope=\"itemscope\" itemtype=\"https:\/\/schema.org\/CreativeWork\" ><a href='https:\/\/www.mkab.eu\/en\/vi-staller-ut-pa-ffcr-massan-i-kista-28-29-januari\/' data-rel='slide-1' class='slide-image' title='We will be exhibiting at the JRC fair in Kista 28-29 January!'><img decoding=\"async\" fetchpriority=\"high\" width=\"495\" height=\"400\" src=\"https:\/\/i0.wp.com\/www.mkab.eu\/wp-content\/uploads\/2026\/01\/FFCR-SoMe_utstallare-Sthlm-2026-1-1.png?resize=495%2C400&amp;ssl=1\" class=\"wp-image-7822 avia-img-lazy-loading-not-7822 attachment-portfolio size-portfolio wp-post-image\" alt=\"\" srcset=\"https:\/\/i0.wp.com\/www.mkab.eu\/wp-content\/uploads\/2026\/01\/FFCR-SoMe_utstallare-Sthlm-2026-1-1.png?resize=495%2C400&amp;ssl=1 495w, https:\/\/i0.wp.com\/www.mkab.eu\/wp-content\/uploads\/2026\/01\/FFCR-SoMe_utstallare-Sthlm-2026-1-1.png?resize=845%2C684&amp;ssl=1 845w, https:\/\/i0.wp.com\/www.mkab.eu\/wp-content\/uploads\/2026\/01\/FFCR-SoMe_utstallare-Sthlm-2026-1-1.png?zoom=2&amp;resize=495%2C400&amp;ssl=1 990w\" sizes=\"(max-width: 495px) 100vw, 495px\" \/><\/a><div class=\"slide-content\"><header class=\"entry-content-header\" aria-label=\"Slide: Vi st\u00e4ller ut p\u00e5 FFCR-m\u00e4ssan i Kista 28\u201329 januari!\"><h3 class='slide-entry-title entry-title'  itemprop=\"headline\" ><a href='https:\/\/www.mkab.eu\/en\/vi-staller-ut-pa-ffcr-massan-i-kista-28-29-januari\/' title='We will be exhibiting at the JRC fair in Kista 28-29 January!'>We will be exhibiting at the JRC fair in Kista 28-29 January!<\/a><\/h3><span class=\"av-vertical-delimiter\"><\/span><\/header><div class=\"slide-meta\"><time class='slide-meta-time updated'  itemprop=\"datePublished\" datetime=\"2026-01-14T08:30:33+01:00\" >14 January, 2026<\/time><\/div><div class='slide-entry-excerpt entry-content'  itemprop=\"text\" >On 28-29 January, we will participate in the FFCR fair in Kista together with our sister companies Elektrotermo and Molins Rostfria. At Culina's stand M:38, we will show a selection of our products and offer an extraordinary experience. Throughout the fair, we will have a skilled chef on site who will give a live demonstration of FRXSH, an innovative solution that opens up new creative possibilities in the kitchen.<div class=\"read-more-link\"><a href=\"https:\/\/www.mkab.eu\/en\/vi-staller-ut-pa-ffcr-massan-i-kista-28-29-januari\/\" class=\"more-link\">Read more<span class='more-link-arrow avia-svg-icon avia-font-svg_entypo-fontello' data-av_svg_icon='right-open-big' data-av_iconset='svg_entypo-fontello'><svg version=\"1.1\" xmlns=\"http:\/\/www.w3.org\/2000\/svg\" width=\"15\" height=\"32\" viewbox=\"0 0 15 32\" preserveaspectratio=\"xMidYMid meet\" role=\"graphics-symbol\" aria-hidden=\"true\">\n<path d=\"M0.416 27.84l11.456-11.84-11.456-11.904q-0.832-0.832 0-1.536 0.832-0.832 1.536 0l12.544 12.608q0.768 0.832 0 1.6l-12.544 12.608q-0.704 0.832-1.536 0-0.832-0.704 0-1.536z\"><\/path>\n<\/svg><\/span><\/a><\/div><\/div><\/div><footer class=\"entry-footer\"><\/footer><span class='hidden'>\n\t\t\t\t<span class='av-structured-data'  itemprop=\"image\" itemscope=\"itemscope\" itemtype=\"https:\/\/schema.org\/ImageObject\" >\n\t\t\t\t\t\t<span itemprop='url'>https:\/\/i0.wp.com\/www.mkab.eu\/wp-content\/uploads\/2026\/01\/FFCR-SoMe_utstallare-Sthlm-2026-1-1.png?fit=1080%2C1080&ssl=1<\/span>\n\t\t\t\t\t\t<span itemprop='height'>1080<\/span>\n\t\t\t\t\t\t<span itemprop='width'>1080<\/span>\n\t\t\t\t<\/span>\n\t\t\t\t<span class='av-structured-data'  itemprop=\"publisher\" itemtype=\"https:\/\/schema.org\/Organization\" itemscope=\"itemscope\" >\n\t\t\t\t\t\t<span itemprop='name'>info@mkab.eu<\/span>\n\t\t\t\t\t\t<span itemprop='logo' itemscope itemtype='https:\/\/schema.org\/ImageObject'>\n\t\t\t\t\t\t\t<span itemprop='url'>https:\/\/www.mkab.eu\/wp-content\/uploads\/2024\/07\/Resurs-1.png<\/span>\n\t\t\t\t\t\t<\/span>\n\t\t\t\t<\/span><span class='av-structured-data'  itemprop=\"author\" itemscope=\"itemscope\" itemtype=\"https:\/\/schema.org\/Person\" ><span itemprop='name'>info@mkab.eu<\/span><\/span><span class='av-structured-data'  itemprop=\"datePublished\" datetime=\"2025-05-14T15:47:27+02:00\" >2026-01-14 08:30:33<\/span><span class='av-structured-data'  itemprop=\"dateModified\" itemtype=\"https:\/\/schema.org\/dateModified\" >2026-01-13 09:19:18<\/span><span class='av-structured-data'  itemprop=\"mainEntityOfPage\" itemtype=\"https:\/\/schema.org\/mainEntityOfPage\" ><span itemprop='name'>We will be exhibiting at the JRC fair in Kista 28-29 January!<\/span><\/span><\/span><\/article><article class='slide-entry flex_column  post-entry post-entry-7766 slide-entry-overview slide-loop-3 slide-parity-odd  av_one_third  real-thumbnail posttype-post post-format-standard'  itemscope=\"itemscope\" itemtype=\"https:\/\/schema.org\/CreativeWork\" ><a href='https:\/\/www.mkab.eu\/en\/hallbar-kvalitet-for-framtidens-restauranger\/' data-rel='slide-1' class='slide-image' title='Sustainable quality for the restaurants of the future'><img decoding=\"async\" fetchpriority=\"high\" width=\"495\" height=\"400\" src=\"https:\/\/i0.wp.com\/www.mkab.eu\/wp-content\/uploads\/2025\/11\/Bild1.jpg?resize=495%2C400&amp;ssl=1\" class=\"wp-image-7767 avia-img-lazy-loading-not-7767 attachment-portfolio size-portfolio wp-post-image\" alt=\"A restaurant stove from Italian manufacturer Mareno\" srcset=\"https:\/\/i0.wp.com\/www.mkab.eu\/wp-content\/uploads\/2025\/11\/Bild1.jpg?resize=495%2C400&amp;ssl=1 495w, https:\/\/i0.wp.com\/www.mkab.eu\/wp-content\/uploads\/2025\/11\/Bild1.jpg?resize=845%2C684&amp;ssl=1 845w, https:\/\/i0.wp.com\/www.mkab.eu\/wp-content\/uploads\/2025\/11\/Bild1.jpg?zoom=2&amp;resize=495%2C400&amp;ssl=1 990w\" sizes=\"(max-width: 495px) 100vw, 495px\" \/><\/a><div class=\"slide-content\"><header class=\"entry-content-header\" aria-label=\"Slide: H\u00e5llbar kvalitet f\u00f6r framtidens restauranger\"><h3 class='slide-entry-title entry-title'  itemprop=\"headline\" ><a href='https:\/\/www.mkab.eu\/en\/hallbar-kvalitet-for-framtidens-restauranger\/' title='Sustainable quality for the restaurants of the future'>Sustainable quality for the restaurants of the future<\/a><\/h3><span class=\"av-vertical-delimiter\"><\/span><\/header><div class=\"slide-meta\"><time class='slide-meta-time updated'  itemprop=\"datePublished\" datetime=\"2025-11-20T13:28:01+01:00\" >20 November, 2025<\/time><\/div><div class='slide-entry-excerpt entry-content'  itemprop=\"text\" >At MKAB, we only choose products that combine quality, sustainability and longevity. Mareno is one of the brands we proudly represent \u2013 a manufacturer that demonstrates that high performance and care for the environment can go hand in hand.<div class=\"read-more-link\"><a href=\"https:\/\/www.mkab.eu\/en\/hallbar-kvalitet-for-framtidens-restauranger\/\" class=\"more-link\">Read more<span class='more-link-arrow avia-svg-icon avia-font-svg_entypo-fontello' data-av_svg_icon='right-open-big' data-av_iconset='svg_entypo-fontello'><svg version=\"1.1\" xmlns=\"http:\/\/www.w3.org\/2000\/svg\" width=\"15\" height=\"32\" viewbox=\"0 0 15 32\" preserveaspectratio=\"xMidYMid meet\" role=\"graphics-symbol\" aria-hidden=\"true\">\n<path d=\"M0.416 27.84l11.456-11.84-11.456-11.904q-0.832-0.832 0-1.536 0.832-0.832 1.536 0l12.544 12.608q0.768 0.832 0 1.6l-12.544 12.608q-0.704 0.832-1.536 0-0.832-0.704 0-1.536z\"><\/path>\n<\/svg><\/span><\/a><\/div><\/div><\/div><footer class=\"entry-footer\"><\/footer><span class='hidden'>\n\t\t\t\t<span class='av-structured-data'  itemprop=\"image\" itemscope=\"itemscope\" itemtype=\"https:\/\/schema.org\/ImageObject\" >\n\t\t\t\t\t\t<span itemprop='url'>https:\/\/i0.wp.com\/www.mkab.eu\/wp-content\/uploads\/2025\/11\/Bild1.jpg?fit=1323%2C953&ssl=1<\/span>\n\t\t\t\t\t\t<span itemprop='height'>953<\/span>\n\t\t\t\t\t\t<span itemprop='width'>1323<\/span>\n\t\t\t\t<\/span>\n\t\t\t\t<span class='av-structured-data'  itemprop=\"publisher\" itemtype=\"https:\/\/schema.org\/Organization\" itemscope=\"itemscope\" >\n\t\t\t\t\t\t<span itemprop='name'>info@mkab.eu<\/span>\n\t\t\t\t\t\t<span itemprop='logo' itemscope itemtype='https:\/\/schema.org\/ImageObject'>\n\t\t\t\t\t\t\t<span itemprop='url'>https:\/\/www.mkab.eu\/wp-content\/uploads\/2024\/07\/Resurs-1.png<\/span>\n\t\t\t\t\t\t<\/span>\n\t\t\t\t<\/span><span class='av-structured-data'  itemprop=\"author\" itemscope=\"itemscope\" itemtype=\"https:\/\/schema.org\/Person\" ><span itemprop='name'>info@mkab.eu<\/span><\/span><span class='av-structured-data'  itemprop=\"datePublished\" datetime=\"2025-05-14T15:47:27+02:00\" >2025-11-20 13:28:01<\/span><span class='av-structured-data'  itemprop=\"dateModified\" itemtype=\"https:\/\/schema.org\/dateModified\" >2025-11-20 13:33:18<\/span><span class='av-structured-data'  itemprop=\"mainEntityOfPage\" itemtype=\"https:\/\/schema.org\/mainEntityOfPage\" ><span itemprop='name'>Sustainable quality for the restaurants of the future<\/span><\/span><\/span><\/article><\/div><div class=\"slide-entry-wrap\"><article class='slide-entry flex_column  post-entry post-entry-7692 slide-entry-overview slide-loop-4 slide-parity-odd  av_one_third first real-thumbnail posttype-post post-format-standard'  itemscope=\"itemscope\" itemtype=\"https:\/\/schema.org\/CreativeWork\" ><a href='https:\/\/www.mkab.eu\/en\/sa-sakerstaller-vi-trygghet-till-vara-aterforsaljare\/' data-rel='slide-1' class='slide-image' title='How we ensure security to our retailers'><img decoding=\"async\" fetchpriority=\"high\" width=\"495\" height=\"400\" src=\"https:\/\/i0.wp.com\/www.mkab.eu\/wp-content\/uploads\/2025\/10\/pexels-bank-12832988-1-scaled.jpg?resize=495%2C400&amp;ssl=1\" class=\"wp-image-7695 avia-img-lazy-loading-not-7695 attachment-portfolio size-portfolio wp-post-image\" alt=\"Table hockey but with footballers\" srcset=\"https:\/\/i0.wp.com\/www.mkab.eu\/wp-content\/uploads\/2025\/10\/pexels-bank-12832988-1-scaled.jpg?resize=495%2C400&amp;ssl=1 495w, https:\/\/i0.wp.com\/www.mkab.eu\/wp-content\/uploads\/2025\/10\/pexels-bank-12832988-1-scaled.jpg?resize=845%2C684&amp;ssl=1 845w, https:\/\/i0.wp.com\/www.mkab.eu\/wp-content\/uploads\/2025\/10\/pexels-bank-12832988-1-scaled.jpg?zoom=2&amp;resize=495%2C400&amp;ssl=1 990w, https:\/\/i0.wp.com\/www.mkab.eu\/wp-content\/uploads\/2025\/10\/pexels-bank-12832988-1-scaled.jpg?zoom=3&amp;resize=495%2C400&amp;ssl=1 1485w\" sizes=\"(max-width: 495px) 100vw, 495px\" \/><\/a><div class=\"slide-content\"><header class=\"entry-content-header\" aria-label=\"Slide: S\u00e5 s\u00e4kerst\u00e4ller vi trygghet till v\u00e5ra \u00e5terf\u00f6rs\u00e4ljare\"><h3 class='slide-entry-title entry-title'  itemprop=\"headline\" ><a href='https:\/\/www.mkab.eu\/en\/sa-sakerstaller-vi-trygghet-till-vara-aterforsaljare\/' title='How we ensure security to our retailers'>How we ensure security to our retailers<\/a><\/h3><span class=\"av-vertical-delimiter\"><\/span><\/header><div class=\"slide-meta\"><time class='slide-meta-time updated'  itemprop=\"datePublished\" datetime=\"2025-10-23T08:21:03+02:00\" >23 October, 2025<\/time><\/div><div class='slide-entry-excerpt entry-content'  itemprop=\"text\" >With our own warehouse and technical support on site in Sweden, retailers can feel confident and well prepared should any problems arise with our products. Our solution contributes to continuous operation, less downtime and more satisfied customers.<div class=\"read-more-link\"><a href=\"https:\/\/www.mkab.eu\/en\/sa-sakerstaller-vi-trygghet-till-vara-aterforsaljare\/\" class=\"more-link\">Read more<span class='more-link-arrow avia-svg-icon avia-font-svg_entypo-fontello' data-av_svg_icon='right-open-big' data-av_iconset='svg_entypo-fontello'><svg version=\"1.1\" xmlns=\"http:\/\/www.w3.org\/2000\/svg\" width=\"15\" height=\"32\" viewbox=\"0 0 15 32\" preserveaspectratio=\"xMidYMid meet\" role=\"graphics-symbol\" aria-hidden=\"true\">\n<path d=\"M0.416 27.84l11.456-11.84-11.456-11.904q-0.832-0.832 0-1.536 0.832-0.832 1.536 0l12.544 12.608q0.768 0.832 0 1.6l-12.544 12.608q-0.704 0.832-1.536 0-0.832-0.704 0-1.536z\"><\/path>\n<\/svg><\/span><\/a><\/div><\/div><\/div><footer class=\"entry-footer\"><\/footer><span class='hidden'>\n\t\t\t\t<span class='av-structured-data'  itemprop=\"image\" itemscope=\"itemscope\" itemtype=\"https:\/\/schema.org\/ImageObject\" >\n\t\t\t\t\t\t<span itemprop='url'>https:\/\/i0.wp.com\/www.mkab.eu\/wp-content\/uploads\/2025\/10\/pexels-bank-12832988-1-scaled.jpg?fit=2560%2C1707&ssl=1<\/span>\n\t\t\t\t\t\t<span itemprop='height'>1707<\/span>\n\t\t\t\t\t\t<span itemprop='width'>2560<\/span>\n\t\t\t\t<\/span>\n\t\t\t\t<span class='av-structured-data'  itemprop=\"publisher\" itemtype=\"https:\/\/schema.org\/Organization\" itemscope=\"itemscope\" >\n\t\t\t\t\t\t<span itemprop='name'>info@mkab.eu<\/span>\n\t\t\t\t\t\t<span itemprop='logo' itemscope itemtype='https:\/\/schema.org\/ImageObject'>\n\t\t\t\t\t\t\t<span itemprop='url'>https:\/\/www.mkab.eu\/wp-content\/uploads\/2024\/07\/Resurs-1.png<\/span>\n\t\t\t\t\t\t<\/span>\n\t\t\t\t<\/span><span class='av-structured-data'  itemprop=\"author\" itemscope=\"itemscope\" itemtype=\"https:\/\/schema.org\/Person\" ><span itemprop='name'>info@mkab.eu<\/span><\/span><span class='av-structured-data'  itemprop=\"datePublished\" datetime=\"2025-05-14T15:47:27+02:00\" >2025-10-23 08:21:03<\/span><span class='av-structured-data'  itemprop=\"dateModified\" itemtype=\"https:\/\/schema.org\/dateModified\" >2025-12-05 12:42:49<\/span><span class='av-structured-data'  itemprop=\"mainEntityOfPage\" itemtype=\"https:\/\/schema.org\/mainEntityOfPage\" ><span itemprop='name'>How we ensure security to our retailers<\/span><\/span><\/span><\/article><article class='slide-entry flex_column  post-entry post-entry-7588 slide-entry-overview slide-loop-5 slide-parity-even  av_one_third  real-thumbnail posttype-post post-format-standard'  itemscope=\"itemscope\" itemtype=\"https:\/\/schema.org\/CreativeWork\" ><a href='https:\/\/www.mkab.eu\/en\/valentine-lanserar-nya-core-smart\/' data-rel='slide-1' class='slide-image' title='Valentine launches new CORE SMART'><img decoding=\"async\" fetchpriority=\"high\" width=\"495\" height=\"400\" src=\"https:\/\/i0.wp.com\/www.mkab.eu\/wp-content\/uploads\/2025\/10\/Valentine-Core-Smart-1.webp?resize=495%2C400&amp;ssl=1\" class=\"wp-image-7590 avia-img-lazy-loading-not-7590 attachment-portfolio size-portfolio wp-post-image\" alt=\"A deep fat fryer called Valentine Core Smart, designed for restaurant use.\" srcset=\"https:\/\/i0.wp.com\/www.mkab.eu\/wp-content\/uploads\/2025\/10\/Valentine-Core-Smart-1.webp?resize=13%2C12&amp;ssl=1 13w, https:\/\/i0.wp.com\/www.mkab.eu\/wp-content\/uploads\/2025\/10\/Valentine-Core-Smart-1.webp?resize=495%2C400&amp;ssl=1 495w, https:\/\/i0.wp.com\/www.mkab.eu\/wp-content\/uploads\/2025\/10\/Valentine-Core-Smart-1.webp?resize=845%2C684&amp;ssl=1 845w, https:\/\/i0.wp.com\/www.mkab.eu\/wp-content\/uploads\/2025\/10\/Valentine-Core-Smart-1.webp?zoom=2&amp;resize=495%2C400&amp;ssl=1 990w\" sizes=\"(max-width: 495px) 100vw, 495px\" \/><\/a><div class=\"slide-content\"><header class=\"entry-content-header\" aria-label=\"Slide: Valentine lanserar nya CORE SMART\"><h3 class='slide-entry-title entry-title'  itemprop=\"headline\" ><a href='https:\/\/www.mkab.eu\/en\/valentine-lanserar-nya-core-smart\/' title='Valentine launches new CORE SMART'>Valentine launches new CORE SMART<\/a><\/h3><span class=\"av-vertical-delimiter\"><\/span><\/header><div class=\"slide-meta\"><time class='slide-meta-time updated'  itemprop=\"datePublished\" datetime=\"2025-10-13T07:59:02+02:00\" >13 October, 2025<\/time><\/div><div class='slide-entry-excerpt entry-content'  itemprop=\"text\" >CORE SMART is the result of Swiss engineering that emphasises reliability, durability and high performance. With high-precision electronic control, 6 customisable programmes, automatic basket lift option and pump with filtration.<div class=\"read-more-link\"><a href=\"https:\/\/www.mkab.eu\/en\/valentine-lanserar-nya-core-smart\/\" class=\"more-link\">Read more<span class='more-link-arrow avia-svg-icon avia-font-svg_entypo-fontello' data-av_svg_icon='right-open-big' data-av_iconset='svg_entypo-fontello'><svg version=\"1.1\" xmlns=\"http:\/\/www.w3.org\/2000\/svg\" width=\"15\" height=\"32\" viewbox=\"0 0 15 32\" preserveaspectratio=\"xMidYMid meet\" role=\"graphics-symbol\" aria-hidden=\"true\">\n<path d=\"M0.416 27.84l11.456-11.84-11.456-11.904q-0.832-0.832 0-1.536 0.832-0.832 1.536 0l12.544 12.608q0.768 0.832 0 1.6l-12.544 12.608q-0.704 0.832-1.536 0-0.832-0.704 0-1.536z\"><\/path>\n<\/svg><\/span><\/a><\/div><\/div><\/div><footer class=\"entry-footer\"><\/footer><span class='hidden'>\n\t\t\t\t<span class='av-structured-data'  itemprop=\"image\" itemscope=\"itemscope\" itemtype=\"https:\/\/schema.org\/ImageObject\" >\n\t\t\t\t\t\t<span itemprop='url'>https:\/\/i0.wp.com\/www.mkab.eu\/wp-content\/uploads\/2025\/10\/Valentine-Core-Smart-1.webp?fit=1232%2C1118&ssl=1<\/span>\n\t\t\t\t\t\t<span itemprop='height'>1118<\/span>\n\t\t\t\t\t\t<span itemprop='width'>1232<\/span>\n\t\t\t\t<\/span>\n\t\t\t\t<span class='av-structured-data'  itemprop=\"publisher\" itemtype=\"https:\/\/schema.org\/Organization\" itemscope=\"itemscope\" >\n\t\t\t\t\t\t<span itemprop='name'>info@mkab.eu<\/span>\n\t\t\t\t\t\t<span itemprop='logo' itemscope itemtype='https:\/\/schema.org\/ImageObject'>\n\t\t\t\t\t\t\t<span itemprop='url'>https:\/\/www.mkab.eu\/wp-content\/uploads\/2024\/07\/Resurs-1.png<\/span>\n\t\t\t\t\t\t<\/span>\n\t\t\t\t<\/span><span class='av-structured-data'  itemprop=\"author\" itemscope=\"itemscope\" itemtype=\"https:\/\/schema.org\/Person\" ><span itemprop='name'>info@mkab.eu<\/span><\/span><span class='av-structured-data'  itemprop=\"datePublished\" datetime=\"2025-05-14T15:47:27+02:00\" >2025-10-13 07:59:02<\/span><span class='av-structured-data'  itemprop=\"dateModified\" itemtype=\"https:\/\/schema.org\/dateModified\" >2025-10-20 14:57:27<\/span><span class='av-structured-data'  itemprop=\"mainEntityOfPage\" itemtype=\"https:\/\/schema.org\/mainEntityOfPage\" ><span itemprop='name'>Valentine launches new CORE SMART<\/span><\/span><\/span><\/article><article class='slide-entry flex_column  post-entry post-entry-7581 slide-entry-overview slide-loop-6 slide-parity-odd  av_one_third  real-thumbnail posttype-post post-format-standard'  itemscope=\"itemscope\" itemtype=\"https:\/\/schema.org\/CreativeWork\" ><a href='https:\/\/www.mkab.eu\/en\/vi-besoker-host-milano\/' data-rel='slide-1' class='slide-image' title='We visit Host Milano'><img decoding=\"async\" fetchpriority=\"high\" width=\"495\" height=\"400\" src=\"https:\/\/i0.wp.com\/www.mkab.eu\/wp-content\/uploads\/2025\/10\/Host-3-scaled.webp?resize=495%2C400&amp;ssl=1\" class=\"wp-image-7583 avia-img-lazy-loading-not-7583 attachment-portfolio size-portfolio wp-post-image\" alt=\"\" srcset=\"https:\/\/i0.wp.com\/www.mkab.eu\/wp-content\/uploads\/2025\/10\/Host-3-scaled.webp?resize=495%2C400&amp;ssl=1 495w, https:\/\/i0.wp.com\/www.mkab.eu\/wp-content\/uploads\/2025\/10\/Host-3-scaled.webp?resize=845%2C684&amp;ssl=1 845w, https:\/\/i0.wp.com\/www.mkab.eu\/wp-content\/uploads\/2025\/10\/Host-3-scaled.webp?zoom=2&amp;resize=495%2C400&amp;ssl=1 990w, https:\/\/i0.wp.com\/www.mkab.eu\/wp-content\/uploads\/2025\/10\/Host-3-scaled.webp?zoom=3&amp;resize=495%2C400&amp;ssl=1 1485w\" sizes=\"(max-width: 495px) 100vw, 495px\" \/><\/a><div class=\"slide-content\"><header class=\"entry-content-header\" aria-label=\"Slide: Vi bes\u00f6ker Host Milano\"><h3 class='slide-entry-title entry-title'  itemprop=\"headline\" ><a href='https:\/\/www.mkab.eu\/en\/vi-besoker-host-milano\/' title='We visit Host Milano'>We visit Host Milano<\/a><\/h3><span class=\"av-vertical-delimiter\"><\/span><\/header><div class=\"slide-meta\"><time class='slide-meta-time updated'  itemprop=\"datePublished\" datetime=\"2025-10-07T08:15:28+02:00\" >7 October, 2025<\/time><\/div><div class='slide-entry-excerpt entry-content'  itemprop=\"text\" >Would you like to book an appointment with us during the days in Milan? Please contact Nina Frostfeldt or Anders Lundin here at Mkab Stork\u00f6k, and they will help you find a time that is suitable for a meeting. They will be happy to guide you through the stands where our products are represented and are on hand to answer questions directly from the exhibitors.<div class=\"read-more-link\"><a href=\"https:\/\/www.mkab.eu\/en\/vi-besoker-host-milano\/\" class=\"more-link\">Read more<span class='more-link-arrow avia-svg-icon avia-font-svg_entypo-fontello' data-av_svg_icon='right-open-big' data-av_iconset='svg_entypo-fontello'><svg version=\"1.1\" xmlns=\"http:\/\/www.w3.org\/2000\/svg\" width=\"15\" height=\"32\" viewbox=\"0 0 15 32\" preserveaspectratio=\"xMidYMid meet\" role=\"graphics-symbol\" aria-hidden=\"true\">\n<path d=\"M0.416 27.84l11.456-11.84-11.456-11.904q-0.832-0.832 0-1.536 0.832-0.832 1.536 0l12.544 12.608q0.768 0.832 0 1.6l-12.544 12.608q-0.704 0.832-1.536 0-0.832-0.704 0-1.536z\"><\/path>\n<\/svg><\/span><\/a><\/div><\/div><\/div><footer class=\"entry-footer\"><\/footer><span class='hidden'>\n\t\t\t\t<span class='av-structured-data'  itemprop=\"image\" itemscope=\"itemscope\" itemtype=\"https:\/\/schema.org\/ImageObject\" >\n\t\t\t\t\t\t<span itemprop='url'>https:\/\/i0.wp.com\/www.mkab.eu\/wp-content\/uploads\/2025\/10\/Host-3-scaled.webp?fit=2560%2C1707&ssl=1<\/span>\n\t\t\t\t\t\t<span itemprop='height'>1707<\/span>\n\t\t\t\t\t\t<span itemprop='width'>2560<\/span>\n\t\t\t\t<\/span>\n\t\t\t\t<span class='av-structured-data'  itemprop=\"publisher\" itemtype=\"https:\/\/schema.org\/Organization\" itemscope=\"itemscope\" >\n\t\t\t\t\t\t<span itemprop='name'>info@mkab.eu<\/span>\n\t\t\t\t\t\t<span itemprop='logo' itemscope itemtype='https:\/\/schema.org\/ImageObject'>\n\t\t\t\t\t\t\t<span itemprop='url'>https:\/\/www.mkab.eu\/wp-content\/uploads\/2024\/07\/Resurs-1.png<\/span>\n\t\t\t\t\t\t<\/span>\n\t\t\t\t<\/span><span class='av-structured-data'  itemprop=\"author\" itemscope=\"itemscope\" itemtype=\"https:\/\/schema.org\/Person\" ><span itemprop='name'>info@mkab.eu<\/span><\/span><span class='av-structured-data'  itemprop=\"datePublished\" datetime=\"2025-05-14T15:47:27+02:00\" >2025-10-07 08:15:28<\/span><span class='av-structured-data'  itemprop=\"dateModified\" itemtype=\"https:\/\/schema.org\/dateModified\" >2025-10-01 14:29:09<\/span><span class='av-structured-data'  itemprop=\"mainEntityOfPage\" itemtype=\"https:\/\/schema.org\/mainEntityOfPage\" ><span itemprop='name'>We visit Host Milano<\/span><\/span><\/span><\/article><\/div><div class=\"slide-entry-wrap\"><article class='slide-entry flex_column  post-entry post-entry-7567 slide-entry-overview slide-loop-7 slide-parity-odd  av_one_third first real-thumbnail posttype-post post-format-standard'  itemscope=\"itemscope\" itemtype=\"https:\/\/schema.org\/CreativeWork\" ><a href='https:\/\/www.mkab.eu\/en\/nu-forlanger-vi-vara-garantier\/' data-rel='slide-1' class='slide-image' title='We are now extending our guarantees!'><img decoding=\"async\" fetchpriority=\"high\" width=\"495\" height=\"400\" src=\"https:\/\/i0.wp.com\/www.mkab.eu\/wp-content\/uploads\/2025\/10\/Garanti-2.webp?resize=495%2C400&amp;ssl=1\" class=\"wp-image-7569 avia-img-lazy-loading-not-7569 attachment-portfolio size-portfolio wp-post-image\" alt=\"A neon sign with two hands shaking hands against a dark background wall.\" srcset=\"https:\/\/i0.wp.com\/www.mkab.eu\/wp-content\/uploads\/2025\/10\/Garanti-2.webp?resize=495%2C400&amp;ssl=1 495w, https:\/\/i0.wp.com\/www.mkab.eu\/wp-content\/uploads\/2025\/10\/Garanti-2.webp?resize=845%2C684&amp;ssl=1 845w, https:\/\/i0.wp.com\/www.mkab.eu\/wp-content\/uploads\/2025\/10\/Garanti-2.webp?zoom=2&amp;resize=495%2C400&amp;ssl=1 990w\" sizes=\"(max-width: 495px) 100vw, 495px\" \/><\/a><div class=\"slide-content\"><header class=\"entry-content-header\" aria-label=\"Slide: We are now extending our guarantees!\"><h3 class='slide-entry-title entry-title'  itemprop=\"headline\" ><a href='https:\/\/www.mkab.eu\/en\/nu-forlanger-vi-vara-garantier\/' title='We are now extending our guarantees!'>We are now extending our guarantees!<\/a><\/h3><span class=\"av-vertical-delimiter\"><\/span><\/header><div class=\"slide-meta\"><time class='slide-meta-time updated'  itemprop=\"datePublished\" datetime=\"2025-10-01T09:28:07+02:00\" >1 October, 2025<\/time><\/div><div class='slide-entry-excerpt entry-content'  itemprop=\"text\" >The extended warranty period is not only an extra security for you, but also for your customers. Whether it's restaurants, commercial kitchens or other catering establishments, they can rely on our equipment to live up to its promises.<div class=\"read-more-link\"><a href=\"https:\/\/www.mkab.eu\/en\/nu-forlanger-vi-vara-garantier\/\" class=\"more-link\">Read more<span class='more-link-arrow avia-svg-icon avia-font-svg_entypo-fontello' data-av_svg_icon='right-open-big' data-av_iconset='svg_entypo-fontello'><svg version=\"1.1\" xmlns=\"http:\/\/www.w3.org\/2000\/svg\" width=\"15\" height=\"32\" viewbox=\"0 0 15 32\" preserveaspectratio=\"xMidYMid meet\" role=\"graphics-symbol\" aria-hidden=\"true\">\n<path d=\"M0.416 27.84l11.456-11.84-11.456-11.904q-0.832-0.832 0-1.536 0.832-0.832 1.536 0l12.544 12.608q0.768 0.832 0 1.6l-12.544 12.608q-0.704 0.832-1.536 0-0.832-0.704 0-1.536z\"><\/path>\n<\/svg><\/span><\/a><\/div><\/div><\/div><footer class=\"entry-footer\"><\/footer><span class='hidden'>\n\t\t\t\t<span class='av-structured-data'  itemprop=\"image\" itemscope=\"itemscope\" itemtype=\"https:\/\/schema.org\/ImageObject\" >\n\t\t\t\t\t\t<span itemprop='url'>https:\/\/i0.wp.com\/www.mkab.eu\/wp-content\/uploads\/2025\/10\/Garanti-2.webp?fit=1366%2C961&ssl=1<\/span>\n\t\t\t\t\t\t<span itemprop='height'>961<\/span>\n\t\t\t\t\t\t<span itemprop='width'>1366<\/span>\n\t\t\t\t<\/span>\n\t\t\t\t<span class='av-structured-data'  itemprop=\"publisher\" itemtype=\"https:\/\/schema.org\/Organization\" itemscope=\"itemscope\" >\n\t\t\t\t\t\t<span itemprop='name'>info@mkab.eu<\/span>\n\t\t\t\t\t\t<span itemprop='logo' itemscope itemtype='https:\/\/schema.org\/ImageObject'>\n\t\t\t\t\t\t\t<span itemprop='url'>https:\/\/www.mkab.eu\/wp-content\/uploads\/2024\/07\/Resurs-1.png<\/span>\n\t\t\t\t\t\t<\/span>\n\t\t\t\t<\/span><span class='av-structured-data'  itemprop=\"author\" itemscope=\"itemscope\" itemtype=\"https:\/\/schema.org\/Person\" ><span itemprop='name'>info@mkab.eu<\/span><\/span><span class='av-structured-data'  itemprop=\"datePublished\" datetime=\"2025-05-14T15:47:27+02:00\" >2025-10-01 09:28:07<\/span><span class='av-structured-data'  itemprop=\"dateModified\" itemtype=\"https:\/\/schema.org\/dateModified\" >2025-10-01 14:27:57<\/span><span class='av-structured-data'  itemprop=\"mainEntityOfPage\" itemtype=\"https:\/\/schema.org\/mainEntityOfPage\" ><span itemprop='name'>We are now extending our guarantees!<\/span><\/span><\/span><\/article><article class='slide-entry flex_column  post-entry post-entry-7256 slide-entry-overview slide-loop-8 slide-parity-even  av_one_third  real-thumbnail posttype-post post-format-standard'  itemscope=\"itemscope\" itemtype=\"https:\/\/schema.org\/CreativeWork\" ><a href='https:\/\/www.mkab.eu\/en\/frxsh-skapar-perfekta-sorbeter-och-glassar\/' data-rel='slide-1' class='slide-image' title='FRXSH - Creates perfect sorbets and ice creams'><img decoding=\"async\" fetchpriority=\"high\" width=\"495\" height=\"400\" src=\"https:\/\/i0.wp.com\/www.mkab.eu\/wp-content\/uploads\/2025\/06\/FRXSH-Mousse-Chef.webp?resize=495%2C400&amp;ssl=1\" class=\"wp-image-7271 avia-img-lazy-loading-not-7271 attachment-portfolio size-portfolio wp-post-image\" alt=\"A moussing machine called FRXSH Mousse Chef suitable for use in restaurants\" srcset=\"https:\/\/i0.wp.com\/www.mkab.eu\/wp-content\/uploads\/2025\/06\/FRXSH-Mousse-Chef.webp?resize=495%2C400&amp;ssl=1 495w, https:\/\/i0.wp.com\/www.mkab.eu\/wp-content\/uploads\/2025\/06\/FRXSH-Mousse-Chef.webp?resize=845%2C684&amp;ssl=1 845w, https:\/\/i0.wp.com\/www.mkab.eu\/wp-content\/uploads\/2025\/06\/FRXSH-Mousse-Chef.webp?zoom=2&amp;resize=495%2C400&amp;ssl=1 990w\" sizes=\"(max-width: 495px) 100vw, 495px\" \/><\/a><div class=\"slide-content\"><header class=\"entry-content-header\" aria-label=\"Slide: FRXSH - Creating perfect sorbets and ice creams\"><h3 class='slide-entry-title entry-title'  itemprop=\"headline\" ><a href='https:\/\/www.mkab.eu\/en\/frxsh-skapar-perfekta-sorbeter-och-glassar\/' title='FRXSH - Creates perfect sorbets and ice creams'>FRXSH - Creates perfect sorbets and ice creams<\/a><\/h3><span class=\"av-vertical-delimiter\"><\/span><\/header><div class=\"slide-meta\"><time class='slide-meta-time updated'  itemprop=\"datePublished\" datetime=\"2025-06-23T16:16:51+02:00\" >23 June, 2025<\/time><\/div><div class='slide-entry-excerpt entry-content'  itemprop=\"text\" >The FRXSH gives you a powerful tool to unleash your creativity when creating desserts in the restaurant kitchen - whether you're working with fine dining, desserts or vegan dishes.<div class=\"read-more-link\"><a href=\"https:\/\/www.mkab.eu\/en\/frxsh-skapar-perfekta-sorbeter-och-glassar\/\" class=\"more-link\">Read more<span class='more-link-arrow avia-svg-icon avia-font-svg_entypo-fontello' data-av_svg_icon='right-open-big' data-av_iconset='svg_entypo-fontello'><svg version=\"1.1\" xmlns=\"http:\/\/www.w3.org\/2000\/svg\" width=\"15\" height=\"32\" viewbox=\"0 0 15 32\" preserveaspectratio=\"xMidYMid meet\" role=\"graphics-symbol\" aria-hidden=\"true\">\n<path d=\"M0.416 27.84l11.456-11.84-11.456-11.904q-0.832-0.832 0-1.536 0.832-0.832 1.536 0l12.544 12.608q0.768 0.832 0 1.6l-12.544 12.608q-0.704 0.832-1.536 0-0.832-0.704 0-1.536z\"><\/path>\n<\/svg><\/span><\/a><\/div><\/div><\/div><footer class=\"entry-footer\"><\/footer><span class='hidden'>\n\t\t\t\t<span class='av-structured-data'  itemprop=\"image\" itemscope=\"itemscope\" itemtype=\"https:\/\/schema.org\/ImageObject\" >\n\t\t\t\t\t\t<span itemprop='url'>https:\/\/i0.wp.com\/www.mkab.eu\/wp-content\/uploads\/2025\/06\/FRXSH-Mousse-Chef.webp?fit=1280%2C720&ssl=1<\/span>\n\t\t\t\t\t\t<span itemprop='height'>720<\/span>\n\t\t\t\t\t\t<span itemprop='width'>1280<\/span>\n\t\t\t\t<\/span>\n\t\t\t\t<span class='av-structured-data'  itemprop=\"publisher\" itemtype=\"https:\/\/schema.org\/Organization\" itemscope=\"itemscope\" >\n\t\t\t\t\t\t<span itemprop='name'>info@mkab.eu<\/span>\n\t\t\t\t\t\t<span itemprop='logo' itemscope itemtype='https:\/\/schema.org\/ImageObject'>\n\t\t\t\t\t\t\t<span itemprop='url'>https:\/\/www.mkab.eu\/wp-content\/uploads\/2024\/07\/Resurs-1.png<\/span>\n\t\t\t\t\t\t<\/span>\n\t\t\t\t<\/span><span class='av-structured-data'  itemprop=\"author\" itemscope=\"itemscope\" itemtype=\"https:\/\/schema.org\/Person\" ><span itemprop='name'>info@mkab.eu<\/span><\/span><span class='av-structured-data'  itemprop=\"datePublished\" datetime=\"2025-05-14T15:47:27+02:00\" >2025-06-23 16:16:51<\/span><span class='av-structured-data'  itemprop=\"dateModified\" itemtype=\"https:\/\/schema.org\/dateModified\" >2025-06-24 16:07:35<\/span><span class='av-structured-data'  itemprop=\"mainEntityOfPage\" itemtype=\"https:\/\/schema.org\/mainEntityOfPage\" ><span itemprop='name'>FRXSH - Creates perfect sorbets and ice creams<\/span><\/span><\/span><\/article><article class='slide-entry flex_column  post-entry post-entry-7339 slide-entry-overview slide-loop-9 slide-parity-odd  av_one_third  real-thumbnail posttype-post post-format-standard'  itemscope=\"itemscope\" itemtype=\"https:\/\/schema.org\/CreativeWork\" ><a href='https:\/\/www.mkab.eu\/en\/sommartider-hos-oss\/' data-rel='slide-1' class='slide-image' title='Summer times with us'><img decoding=\"async\" fetchpriority=\"high\" width=\"495\" height=\"400\" src=\"https:\/\/i0.wp.com\/www.mkab.eu\/wp-content\/uploads\/2025\/06\/Solen-skiner-gasterna-ater-%E2%80%93-jag-overvakar-buffen.jpg?resize=495%2C400&amp;ssl=1\" class=\"wp-image-7340 avia-img-lazy-loading-not-7340 attachment-portfolio size-portfolio wp-post-image\" alt=\"\" \/><\/a><div class=\"slide-content\"><header class=\"entry-content-header\" aria-label=\"Slide: Summer times with us\"><h3 class='slide-entry-title entry-title'  itemprop=\"headline\" ><a href='https:\/\/www.mkab.eu\/en\/sommartider-hos-oss\/' title='Summer times with us'>Summer times with us<\/a><\/h3><span class=\"av-vertical-delimiter\"><\/span><\/header><div class=\"slide-meta\"><time class='slide-meta-time updated'  itemprop=\"datePublished\" datetime=\"2025-06-09T12:45:57+02:00\" >9 June, 2025<\/time><\/div><div class='slide-entry-excerpt entry-content'  itemprop=\"text\" >During weeks 29 - 31 we are closed for holidays in our office and will be back in week 32! This means a break in quotation work, administration and customer meetings.<div class=\"read-more-link\"><a href=\"https:\/\/www.mkab.eu\/en\/sommartider-hos-oss\/\" class=\"more-link\">Read more<span class='more-link-arrow avia-svg-icon avia-font-svg_entypo-fontello' data-av_svg_icon='right-open-big' data-av_iconset='svg_entypo-fontello'><svg version=\"1.1\" xmlns=\"http:\/\/www.w3.org\/2000\/svg\" width=\"15\" height=\"32\" viewbox=\"0 0 15 32\" preserveaspectratio=\"xMidYMid meet\" role=\"graphics-symbol\" aria-hidden=\"true\">\n<path d=\"M0.416 27.84l11.456-11.84-11.456-11.904q-0.832-0.832 0-1.536 0.832-0.832 1.536 0l12.544 12.608q0.768 0.832 0 1.6l-12.544 12.608q-0.704 0.832-1.536 0-0.832-0.704 0-1.536z\"><\/path>\n<\/svg><\/span><\/a><\/div><\/div><\/div><footer class=\"entry-footer\"><\/footer><span class='hidden'>\n\t\t\t\t<span class='av-structured-data'  itemprop=\"image\" itemscope=\"itemscope\" itemtype=\"https:\/\/schema.org\/ImageObject\" >\n\t\t\t\t\t\t<span itemprop='url'>https:\/\/i0.wp.com\/www.mkab.eu\/wp-content\/uploads\/2025\/06\/Solen-skiner-gasterna-ater-%E2%80%93-jag-overvakar-buffen.jpg?fit=756%2C832&ssl=1<\/span>\n\t\t\t\t\t\t<span itemprop='height'>832<\/span>\n\t\t\t\t\t\t<span itemprop='width'>756<\/span>\n\t\t\t\t<\/span>\n\t\t\t\t<span class='av-structured-data'  itemprop=\"publisher\" itemtype=\"https:\/\/schema.org\/Organization\" itemscope=\"itemscope\" >\n\t\t\t\t\t\t<span itemprop='name'>info@mkab.eu<\/span>\n\t\t\t\t\t\t<span itemprop='logo' itemscope itemtype='https:\/\/schema.org\/ImageObject'>\n\t\t\t\t\t\t\t<span itemprop='url'>https:\/\/www.mkab.eu\/wp-content\/uploads\/2024\/07\/Resurs-1.png<\/span>\n\t\t\t\t\t\t<\/span>\n\t\t\t\t<\/span><span class='av-structured-data'  itemprop=\"author\" itemscope=\"itemscope\" itemtype=\"https:\/\/schema.org\/Person\" ><span itemprop='name'>info@mkab.eu<\/span><\/span><span class='av-structured-data'  itemprop=\"datePublished\" datetime=\"2025-05-14T15:47:27+02:00\" >2025-06-09 12:45:57<\/span><span class='av-structured-data'  itemprop=\"dateModified\" itemtype=\"https:\/\/schema.org\/dateModified\" >2025-06-09 12:45:57<\/span><span class='av-structured-data'  itemprop=\"mainEntityOfPage\" itemtype=\"https:\/\/schema.org\/mainEntityOfPage\" ><span itemprop='name'>Summer times with us<\/span><\/span><\/span><\/article><\/div><div class=\"slide-entry-wrap\"><article class='slide-entry flex_column  post-entry post-entry-7038 slide-entry-overview slide-loop-10 slide-parity-odd  av_one_third first real-thumbnail posttype-post post-format-standard'  itemscope=\"itemscope\" itemtype=\"https:\/\/schema.org\/CreativeWork\" ><a href='https:\/\/www.mkab.eu\/en\/mini-pro-marknadens-smalaste-kombiugn-med-full-kapacitet\/' data-rel='slide-1' class='slide-image' title='MINI PRO - The slimmest full capacity combi oven on the market'><img decoding=\"async\" fetchpriority=\"high\" width=\"495\" height=\"400\" src=\"https:\/\/i0.wp.com\/www.mkab.eu\/wp-content\/uploads\/2025\/05\/mini-pro_convoclean_tuber_s2l.webp?resize=495%2C400&amp;ssl=1\" class=\"wp-image-7273 avia-img-lazy-loading-not-7273 attachment-portfolio size-portfolio wp-post-image\" alt=\"A combi oven called Mini Pro, designed for restaurants, caf\u00e9s and fast food outlets\" srcset=\"https:\/\/i0.wp.com\/www.mkab.eu\/wp-content\/uploads\/2025\/05\/mini-pro_convoclean_tuber_s2l.webp?resize=495%2C400&amp;ssl=1 495w, https:\/\/i0.wp.com\/www.mkab.eu\/wp-content\/uploads\/2025\/05\/mini-pro_convoclean_tuber_s2l.webp?resize=845%2C684&amp;ssl=1 845w, https:\/\/i0.wp.com\/www.mkab.eu\/wp-content\/uploads\/2025\/05\/mini-pro_convoclean_tuber_s2l.webp?zoom=2&amp;resize=495%2C400&amp;ssl=1 990w\" sizes=\"(max-width: 495px) 100vw, 495px\" \/><\/a><div class=\"slide-content\"><header class=\"entry-content-header\" aria-label=\"Slide: MINI PRO - The slimmest full capacity combi oven on the market\"><h3 class='slide-entry-title entry-title'  itemprop=\"headline\" ><a href='https:\/\/www.mkab.eu\/en\/mini-pro-marknadens-smalaste-kombiugn-med-full-kapacitet\/' title='MINI PRO - The slimmest full capacity combi oven on the market'>MINI PRO - The slimmest full capacity combi oven on the market<\/a><\/h3><span class=\"av-vertical-delimiter\"><\/span><\/header><div class=\"slide-meta\"><time class='slide-meta-time updated'  itemprop=\"datePublished\" datetime=\"2025-06-01T15:48:35+02:00\" >1 June, 2025<\/time><\/div><div class='slide-entry-excerpt entry-content'  itemprop=\"text\" >MINI PRO - a compact and smart revolution for commercial kitchens with limited space but still want a fully functional combi oven.<div class=\"read-more-link\"><a href=\"https:\/\/www.mkab.eu\/en\/mini-pro-marknadens-smalaste-kombiugn-med-full-kapacitet\/\" class=\"more-link\">Read more<span class='more-link-arrow avia-svg-icon avia-font-svg_entypo-fontello' data-av_svg_icon='right-open-big' data-av_iconset='svg_entypo-fontello'><svg version=\"1.1\" xmlns=\"http:\/\/www.w3.org\/2000\/svg\" width=\"15\" height=\"32\" viewbox=\"0 0 15 32\" preserveaspectratio=\"xMidYMid meet\" role=\"graphics-symbol\" aria-hidden=\"true\">\n<path d=\"M0.416 27.84l11.456-11.84-11.456-11.904q-0.832-0.832 0-1.536 0.832-0.832 1.536 0l12.544 12.608q0.768 0.832 0 1.6l-12.544 12.608q-0.704 0.832-1.536 0-0.832-0.704 0-1.536z\"><\/path>\n<\/svg><\/span><\/a><\/div><\/div><\/div><footer class=\"entry-footer\"><\/footer><span class='hidden'>\n\t\t\t\t<span class='av-structured-data'  itemprop=\"image\" itemscope=\"itemscope\" itemtype=\"https:\/\/schema.org\/ImageObject\" >\n\t\t\t\t\t\t<span itemprop='url'>https:\/\/i0.wp.com\/www.mkab.eu\/wp-content\/uploads\/2025\/05\/mini-pro_convoclean_tuber_s2l.webp?fit=1240%2C877&ssl=1<\/span>\n\t\t\t\t\t\t<span itemprop='height'>877<\/span>\n\t\t\t\t\t\t<span itemprop='width'>1240<\/span>\n\t\t\t\t<\/span>\n\t\t\t\t<span class='av-structured-data'  itemprop=\"publisher\" itemtype=\"https:\/\/schema.org\/Organization\" itemscope=\"itemscope\" >\n\t\t\t\t\t\t<span itemprop='name'>support@vikab.com<\/span>\n\t\t\t\t\t\t<span itemprop='logo' itemscope itemtype='https:\/\/schema.org\/ImageObject'>\n\t\t\t\t\t\t\t<span itemprop='url'>https:\/\/www.mkab.eu\/wp-content\/uploads\/2024\/07\/Resurs-1.png<\/span>\n\t\t\t\t\t\t<\/span>\n\t\t\t\t<\/span><span class='av-structured-data'  itemprop=\"author\" itemscope=\"itemscope\" itemtype=\"https:\/\/schema.org\/Person\" ><span itemprop='name'>support@vikab.com<\/span><\/span><span class='av-structured-data'  itemprop=\"datePublished\" datetime=\"2025-05-14T15:47:27+02:00\" >2025-06-01 15:48:35<\/span><span class='av-structured-data'  itemprop=\"dateModified\" itemtype=\"https:\/\/schema.org\/dateModified\" >2025-06-03 15:11:16<\/span><span class='av-structured-data'  itemprop=\"mainEntityOfPage\" itemtype=\"https:\/\/schema.org\/mainEntityOfPage\" ><span itemprop='name'>MINI PRO - The slimmest full capacity combi oven on the market<\/span><\/span><\/span><\/article><article class='slide-entry flex_column  post-entry post-entry-7292 slide-entry-overview slide-loop-11 slide-parity-even  av_one_third  real-thumbnail posttype-post post-format-standard'  itemscope=\"itemscope\" itemtype=\"https:\/\/schema.org\/CreativeWork\" ><a href='https:\/\/www.mkab.eu\/en\/samuel-sjostrom-en-engagerad-och-erfaren-forstarkning-till-hela-culina-familjen\/' data-rel='slide-1' class='slide-image' title='Samuel Sj\u00f6str\u00f6m - a dedicated and experienced addition to the Culina family'><img decoding=\"async\" fetchpriority=\"high\" width=\"495\" height=\"400\" src=\"https:\/\/i0.wp.com\/www.mkab.eu\/wp-content\/uploads\/2025\/06\/samuel_sjostrom-2.webp?resize=495%2C400&amp;ssl=1\" class=\"wp-image-7294 avia-img-lazy-loading-not-7294 attachment-portfolio size-portfolio wp-post-image\" alt=\"A picture of our salesman Samuel Sj\u00f6str\u00f6m\" srcset=\"https:\/\/i0.wp.com\/www.mkab.eu\/wp-content\/uploads\/2025\/06\/samuel_sjostrom-2.webp?resize=495%2C400&amp;ssl=1 495w, https:\/\/i0.wp.com\/www.mkab.eu\/wp-content\/uploads\/2025\/06\/samuel_sjostrom-2.webp?resize=845%2C684&amp;ssl=1 845w\" sizes=\"(max-width: 495px) 100vw, 495px\" \/><\/a><div class=\"slide-content\"><header class=\"entry-content-header\" aria-label=\"Slide: Samuel Sj\u00f6str\u00f6m - a committed and experienced addition to the Culina family\"><h3 class='slide-entry-title entry-title'  itemprop=\"headline\" ><a href='https:\/\/www.mkab.eu\/en\/samuel-sjostrom-en-engagerad-och-erfaren-forstarkning-till-hela-culina-familjen\/' title='Samuel Sj\u00f6str\u00f6m - a dedicated and experienced addition to the Culina family'>Samuel Sj\u00f6str\u00f6m - a dedicated and experienced addition to the Culina family<\/a><\/h3><span class=\"av-vertical-delimiter\"><\/span><\/header><div class=\"slide-meta\"><time class='slide-meta-time updated'  itemprop=\"datePublished\" datetime=\"2025-05-10T13:23:37+02:00\" >10 May, 2025<\/time><\/div><div class='slide-entry-excerpt entry-content'  itemprop=\"text\" >With over 20 years of experience in the catering industry - most recently at Metos, where he worked closely with end-users in restaurant kitchens - Samuel brings both breadth and depth to his new role as Regional Sales Manager for Culina Products.<div class=\"read-more-link\"><a href=\"https:\/\/www.mkab.eu\/en\/samuel-sjostrom-en-engagerad-och-erfaren-forstarkning-till-hela-culina-familjen\/\" class=\"more-link\">Read more<span class='more-link-arrow avia-svg-icon avia-font-svg_entypo-fontello' data-av_svg_icon='right-open-big' data-av_iconset='svg_entypo-fontello'><svg version=\"1.1\" xmlns=\"http:\/\/www.w3.org\/2000\/svg\" width=\"15\" height=\"32\" viewbox=\"0 0 15 32\" preserveaspectratio=\"xMidYMid meet\" role=\"graphics-symbol\" aria-hidden=\"true\">\n<path d=\"M0.416 27.84l11.456-11.84-11.456-11.904q-0.832-0.832 0-1.536 0.832-0.832 1.536 0l12.544 12.608q0.768 0.832 0 1.6l-12.544 12.608q-0.704 0.832-1.536 0-0.832-0.704 0-1.536z\"><\/path>\n<\/svg><\/span><\/a><\/div><\/div><\/div><footer class=\"entry-footer\"><\/footer><span class='hidden'>\n\t\t\t\t<span class='av-structured-data'  itemprop=\"image\" itemscope=\"itemscope\" itemtype=\"https:\/\/schema.org\/ImageObject\" >\n\t\t\t\t\t\t<span itemprop='url'>https:\/\/i0.wp.com\/www.mkab.eu\/wp-content\/uploads\/2025\/06\/samuel_sjostrom-2.webp?fit=962%2C756&ssl=1<\/span>\n\t\t\t\t\t\t<span itemprop='height'>756<\/span>\n\t\t\t\t\t\t<span itemprop='width'>962<\/span>\n\t\t\t\t<\/span>\n\t\t\t\t<span class='av-structured-data'  itemprop=\"publisher\" itemtype=\"https:\/\/schema.org\/Organization\" itemscope=\"itemscope\" >\n\t\t\t\t\t\t<span itemprop='name'>info@mkab.eu<\/span>\n\t\t\t\t\t\t<span itemprop='logo' itemscope itemtype='https:\/\/schema.org\/ImageObject'>\n\t\t\t\t\t\t\t<span itemprop='url'>https:\/\/www.mkab.eu\/wp-content\/uploads\/2024\/07\/Resurs-1.png<\/span>\n\t\t\t\t\t\t<\/span>\n\t\t\t\t<\/span><span class='av-structured-data'  itemprop=\"author\" itemscope=\"itemscope\" itemtype=\"https:\/\/schema.org\/Person\" ><span itemprop='name'>info@mkab.eu<\/span><\/span><span class='av-structured-data'  itemprop=\"datePublished\" datetime=\"2025-05-14T15:47:27+02:00\" >2025-05-10 13:23:37<\/span><span class='av-structured-data'  itemprop=\"dateModified\" itemtype=\"https:\/\/schema.org\/dateModified\" >2025-06-05 10:43:03<\/span><span class='av-structured-data'  itemprop=\"mainEntityOfPage\" itemtype=\"https:\/\/schema.org\/mainEntityOfPage\" ><span itemprop='name'>Samuel Sj\u00f6str\u00f6m - a dedicated and experienced addition to the Culina family<\/span><\/span><\/span><\/article><article class='slide-entry flex_column  post-entry post-entry-7280 slide-entry-overview slide-loop-12 slide-parity-odd  av_one_third  real-thumbnail posttype-post post-format-standard'  itemscope=\"itemscope\" itemtype=\"https:\/\/schema.org\/CreativeWork\" ><a href='https:\/\/www.mkab.eu\/en\/spidocook-klamgrillar-av-premiumkvalitet\/' data-rel='slide-1' class='slide-image' title='Spidocook - Premium quality clamping grills'><img decoding=\"async\" fetchpriority=\"high\" width=\"495\" height=\"400\" src=\"https:\/\/i0.wp.com\/www.mkab.eu\/wp-content\/uploads\/2025\/06\/Spidocook_dubbel_redigerad_restaurang2-scaled.jpg?resize=495%2C400&amp;ssl=1\" class=\"wp-image-7281 avia-img-lazy-loading-not-7281 attachment-portfolio size-portfolio wp-post-image\" alt=\"A folded clamp grill from Spidocook. Food is on the grill hob and it smokes about the food\" srcset=\"https:\/\/i0.wp.com\/www.mkab.eu\/wp-content\/uploads\/2025\/06\/Spidocook_dubbel_redigerad_restaurang2-scaled.jpg?resize=495%2C400&amp;ssl=1 495w, https:\/\/i0.wp.com\/www.mkab.eu\/wp-content\/uploads\/2025\/06\/Spidocook_dubbel_redigerad_restaurang2-scaled.jpg?resize=845%2C684&amp;ssl=1 845w, https:\/\/i0.wp.com\/www.mkab.eu\/wp-content\/uploads\/2025\/06\/Spidocook_dubbel_redigerad_restaurang2-scaled.jpg?zoom=2&amp;resize=495%2C400&amp;ssl=1 990w, https:\/\/i0.wp.com\/www.mkab.eu\/wp-content\/uploads\/2025\/06\/Spidocook_dubbel_redigerad_restaurang2-scaled.jpg?zoom=3&amp;resize=495%2C400&amp;ssl=1 1485w\" sizes=\"(max-width: 495px) 100vw, 495px\" \/><\/a><div class=\"slide-content\"><header class=\"entry-content-header\" aria-label=\"Slide: Spidocook - Premium quality clamping grills\"><h3 class='slide-entry-title entry-title'  itemprop=\"headline\" ><a href='https:\/\/www.mkab.eu\/en\/spidocook-klamgrillar-av-premiumkvalitet\/' title='Spidocook - Premium quality clamping grills'>Spidocook - Premium quality clamping grills<\/a><\/h3><span class=\"av-vertical-delimiter\"><\/span><\/header><div class=\"slide-meta\"><time class='slide-meta-time updated'  itemprop=\"datePublished\" datetime=\"2025-03-02T17:39:41+01:00\" >2 March, 2025<\/time><\/div><div class='slide-entry-excerpt entry-content'  itemprop=\"text\" >Spidocook clamp grills are market leaders in terms of both quality and performance. We see them as a natural extension of our range.<div class=\"read-more-link\"><a href=\"https:\/\/www.mkab.eu\/en\/spidocook-klamgrillar-av-premiumkvalitet\/\" class=\"more-link\">Read more<span class='more-link-arrow avia-svg-icon avia-font-svg_entypo-fontello' data-av_svg_icon='right-open-big' data-av_iconset='svg_entypo-fontello'><svg version=\"1.1\" xmlns=\"http:\/\/www.w3.org\/2000\/svg\" width=\"15\" height=\"32\" viewbox=\"0 0 15 32\" preserveaspectratio=\"xMidYMid meet\" role=\"graphics-symbol\" aria-hidden=\"true\">\n<path d=\"M0.416 27.84l11.456-11.84-11.456-11.904q-0.832-0.832 0-1.536 0.832-0.832 1.536 0l12.544 12.608q0.768 0.832 0 1.6l-12.544 12.608q-0.704 0.832-1.536 0-0.832-0.704 0-1.536z\"><\/path>\n<\/svg><\/span><\/a><\/div><\/div><\/div><footer class=\"entry-footer\"><\/footer><span class='hidden'>\n\t\t\t\t<span class='av-structured-data'  itemprop=\"image\" itemscope=\"itemscope\" itemtype=\"https:\/\/schema.org\/ImageObject\" >\n\t\t\t\t\t\t<span itemprop='url'>https:\/\/i0.wp.com\/www.mkab.eu\/wp-content\/uploads\/2025\/06\/Spidocook_dubbel_redigerad_restaurang2-scaled.jpg?fit=2560%2C1706&ssl=1<\/span>\n\t\t\t\t\t\t<span itemprop='height'>1706<\/span>\n\t\t\t\t\t\t<span itemprop='width'>2560<\/span>\n\t\t\t\t<\/span>\n\t\t\t\t<span class='av-structured-data'  itemprop=\"publisher\" itemtype=\"https:\/\/schema.org\/Organization\" itemscope=\"itemscope\" >\n\t\t\t\t\t\t<span itemprop='name'>info@mkab.eu<\/span>\n\t\t\t\t\t\t<span itemprop='logo' itemscope itemtype='https:\/\/schema.org\/ImageObject'>\n\t\t\t\t\t\t\t<span itemprop='url'>https:\/\/www.mkab.eu\/wp-content\/uploads\/2024\/07\/Resurs-1.png<\/span>\n\t\t\t\t\t\t<\/span>\n\t\t\t\t<\/span><span class='av-structured-data'  itemprop=\"author\" itemscope=\"itemscope\" itemtype=\"https:\/\/schema.org\/Person\" ><span itemprop='name'>info@mkab.eu<\/span><\/span><span class='av-structured-data'  itemprop=\"datePublished\" datetime=\"2025-05-14T15:47:27+02:00\" >2025-03-02 17:39:41<\/span><span class='av-structured-data'  itemprop=\"dateModified\" itemtype=\"https:\/\/schema.org\/dateModified\" >2025-06-03 16:02:40<\/span><span class='av-structured-data'  itemprop=\"mainEntityOfPage\" itemtype=\"https:\/\/schema.org\/mainEntityOfPage\" ><span itemprop='name'>Spidocook - Premium quality clamping grills<\/span><\/span><\/span><\/article><\/div><div class=\"slide-entry-wrap\"><article class='slide-entry flex_column  post-entry post-entry-7246 slide-entry-overview slide-loop-13 slide-parity-odd  av_one_third first real-thumbnail posttype-post post-format-standard'  itemscope=\"itemscope\" itemtype=\"https:\/\/schema.org\/CreativeWork\" ><a href='https:\/\/www.mkab.eu\/en\/vi-stottar-dem-som-kampar\/' data-rel='slide-1' class='slide-image' title='We support those who struggle'><img decoding=\"async\" fetchpriority=\"high\" width=\"495\" height=\"400\" src=\"https:\/\/i0.wp.com\/www.mkab.eu\/wp-content\/uploads\/2025\/05\/hjarta-i-tradet.jpg?resize=495%2C400&amp;ssl=1\" class=\"wp-image-7247 avia-img-lazy-loading-not-7247 attachment-portfolio size-portfolio wp-post-image\" alt=\"A heart carved in the bark of a tree\" \/><\/a><div class=\"slide-content\"><header class=\"entry-content-header\" aria-label=\"Slide: We support those who struggle\"><h3 class='slide-entry-title entry-title'  itemprop=\"headline\" ><a href='https:\/\/www.mkab.eu\/en\/vi-stottar-dem-som-kampar\/' title='We support those who struggle'>We support those who struggle<\/a><\/h3><span class=\"av-vertical-delimiter\"><\/span><\/header><div class=\"slide-meta\"><time class='slide-meta-time updated'  itemprop=\"datePublished\" datetime=\"2025-02-22T16:37:30+01:00\" >22 February, 2025<\/time><\/div><div class='slide-entry-excerpt entry-content'  itemprop=\"text\" >Over the years, we have collaborated with several non-profit organisations such as the Gothenburg City Mission and the Swedish Childhood Cancer Foundation, and our involvement continues to grow. We see it as an extension of our values - of quality, care and responsibility.<div class=\"read-more-link\"><a href=\"https:\/\/www.mkab.eu\/en\/vi-stottar-dem-som-kampar\/\" class=\"more-link\">Read more<span class='more-link-arrow avia-svg-icon avia-font-svg_entypo-fontello' data-av_svg_icon='right-open-big' data-av_iconset='svg_entypo-fontello'><svg version=\"1.1\" xmlns=\"http:\/\/www.w3.org\/2000\/svg\" width=\"15\" height=\"32\" viewbox=\"0 0 15 32\" preserveaspectratio=\"xMidYMid meet\" role=\"graphics-symbol\" aria-hidden=\"true\">\n<path d=\"M0.416 27.84l11.456-11.84-11.456-11.904q-0.832-0.832 0-1.536 0.832-0.832 1.536 0l12.544 12.608q0.768 0.832 0 1.6l-12.544 12.608q-0.704 0.832-1.536 0-0.832-0.704 0-1.536z\"><\/path>\n<\/svg><\/span><\/a><\/div><\/div><\/div><footer class=\"entry-footer\"><\/footer><span class='hidden'>\n\t\t\t\t<span class='av-structured-data'  itemprop=\"image\" itemscope=\"itemscope\" itemtype=\"https:\/\/schema.org\/ImageObject\" >\n\t\t\t\t\t\t<span itemprop='url'>https:\/\/i0.wp.com\/www.mkab.eu\/wp-content\/uploads\/2025\/05\/hjarta-i-tradet.jpg?fit=567%2C434&ssl=1<\/span>\n\t\t\t\t\t\t<span itemprop='height'>434<\/span>\n\t\t\t\t\t\t<span itemprop='width'>567<\/span>\n\t\t\t\t<\/span>\n\t\t\t\t<span class='av-structured-data'  itemprop=\"publisher\" itemtype=\"https:\/\/schema.org\/Organization\" itemscope=\"itemscope\" >\n\t\t\t\t\t\t<span itemprop='name'>info@mkab.eu<\/span>\n\t\t\t\t\t\t<span itemprop='logo' itemscope itemtype='https:\/\/schema.org\/ImageObject'>\n\t\t\t\t\t\t\t<span itemprop='url'>https:\/\/www.mkab.eu\/wp-content\/uploads\/2024\/07\/Resurs-1.png<\/span>\n\t\t\t\t\t\t<\/span>\n\t\t\t\t<\/span><span class='av-structured-data'  itemprop=\"author\" itemscope=\"itemscope\" itemtype=\"https:\/\/schema.org\/Person\" ><span itemprop='name'>info@mkab.eu<\/span><\/span><span class='av-structured-data'  itemprop=\"datePublished\" datetime=\"2025-05-14T15:47:27+02:00\" >2025-02-22 16:37:30<\/span><span class='av-structured-data'  itemprop=\"dateModified\" itemtype=\"https:\/\/schema.org\/dateModified\" >2025-06-09 09:08:10<\/span><span class='av-structured-data'  itemprop=\"mainEntityOfPage\" itemtype=\"https:\/\/schema.org\/mainEntityOfPage\" ><span itemprop='name'>We support those who struggle<\/span><\/span><\/span><\/article><article class='slide-entry flex_column  post-entry post-entry-7260 slide-entry-overview slide-loop-14 slide-parity-even  av_one_third  real-thumbnail posttype-post post-format-standard'  itemscope=\"itemscope\" itemtype=\"https:\/\/schema.org\/CreativeWork\" ><a href='https:\/\/www.mkab.eu\/en\/ny-vd-pa-mkab-storkok\/' data-rel='slide-1' class='slide-image' title='New CEO at MKAB Stork\u00f6k'><img decoding=\"async\" fetchpriority=\"high\" width=\"495\" height=\"400\" src=\"https:\/\/i0.wp.com\/www.mkab.eu\/wp-content\/uploads\/2025\/02\/anders_lundin.webp?resize=495%2C400&amp;ssl=1\" class=\"wp-image-7337 avia-img-lazy-loading-not-7337 attachment-portfolio size-portfolio wp-post-image\" alt=\"A portrait of Anders Lundin, CEO of Mkab Stork\u00f6k\" srcset=\"https:\/\/i0.wp.com\/www.mkab.eu\/wp-content\/uploads\/2025\/02\/anders_lundin.webp?resize=495%2C400&amp;ssl=1 495w, https:\/\/i0.wp.com\/www.mkab.eu\/wp-content\/uploads\/2025\/02\/anders_lundin.webp?resize=845%2C684&amp;ssl=1 845w, https:\/\/i0.wp.com\/www.mkab.eu\/wp-content\/uploads\/2025\/02\/anders_lundin.webp?zoom=2&amp;resize=495%2C400&amp;ssl=1 990w\" sizes=\"(max-width: 495px) 100vw, 495px\" \/><\/a><div class=\"slide-content\"><header class=\"entry-content-header\" aria-label=\"Slide: New CEO at MKAB Stork\u00f6k\"><h3 class='slide-entry-title entry-title'  itemprop=\"headline\" ><a href='https:\/\/www.mkab.eu\/en\/ny-vd-pa-mkab-storkok\/' title='New CEO at MKAB Stork\u00f6k'>New CEO at MKAB Stork\u00f6k<\/a><\/h3><span class=\"av-vertical-delimiter\"><\/span><\/header><div class=\"slide-meta\"><time class='slide-meta-time updated'  itemprop=\"datePublished\" datetime=\"2025-02-01T16:52:53+01:00\" >1 February, 2025<\/time><\/div><div class='slide-entry-excerpt entry-content'  itemprop=\"text\" >Anders is a well-known face within MKAB and has been part of our business for over a decade. During that time he has built up a deep understanding of the industry and developed strong relationships with both customers and suppliers.<div class=\"read-more-link\"><a href=\"https:\/\/www.mkab.eu\/en\/ny-vd-pa-mkab-storkok\/\" class=\"more-link\">Read more<span class='more-link-arrow avia-svg-icon avia-font-svg_entypo-fontello' data-av_svg_icon='right-open-big' data-av_iconset='svg_entypo-fontello'><svg version=\"1.1\" xmlns=\"http:\/\/www.w3.org\/2000\/svg\" width=\"15\" height=\"32\" viewbox=\"0 0 15 32\" preserveaspectratio=\"xMidYMid meet\" role=\"graphics-symbol\" aria-hidden=\"true\">\n<path d=\"M0.416 27.84l11.456-11.84-11.456-11.904q-0.832-0.832 0-1.536 0.832-0.832 1.536 0l12.544 12.608q0.768 0.832 0 1.6l-12.544 12.608q-0.704 0.832-1.536 0-0.832-0.704 0-1.536z\"><\/path>\n<\/svg><\/span><\/a><\/div><\/div><\/div><footer class=\"entry-footer\"><\/footer><span class='hidden'>\n\t\t\t\t<span class='av-structured-data'  itemprop=\"image\" itemscope=\"itemscope\" itemtype=\"https:\/\/schema.org\/ImageObject\" >\n\t\t\t\t\t\t<span itemprop='url'>https:\/\/i0.wp.com\/www.mkab.eu\/wp-content\/uploads\/2025\/02\/anders_lundin.webp?fit=1061%2C741&ssl=1<\/span>\n\t\t\t\t\t\t<span itemprop='height'>741<\/span>\n\t\t\t\t\t\t<span itemprop='width'>1061<\/span>\n\t\t\t\t<\/span>\n\t\t\t\t<span class='av-structured-data'  itemprop=\"publisher\" itemtype=\"https:\/\/schema.org\/Organization\" itemscope=\"itemscope\" >\n\t\t\t\t\t\t<span itemprop='name'>info@mkab.eu<\/span>\n\t\t\t\t\t\t<span itemprop='logo' itemscope itemtype='https:\/\/schema.org\/ImageObject'>\n\t\t\t\t\t\t\t<span itemprop='url'>https:\/\/www.mkab.eu\/wp-content\/uploads\/2024\/07\/Resurs-1.png<\/span>\n\t\t\t\t\t\t<\/span>\n\t\t\t\t<\/span><span class='av-structured-data'  itemprop=\"author\" itemscope=\"itemscope\" itemtype=\"https:\/\/schema.org\/Person\" ><span itemprop='name'>info@mkab.eu<\/span><\/span><span class='av-structured-data'  itemprop=\"datePublished\" datetime=\"2025-05-14T15:47:27+02:00\" >2025-02-01 16:52:53<\/span><span class='av-structured-data'  itemprop=\"dateModified\" itemtype=\"https:\/\/schema.org\/dateModified\" >2025-06-18 11:28:09<\/span><span class='av-structured-data'  itemprop=\"mainEntityOfPage\" itemtype=\"https:\/\/schema.org\/mainEntityOfPage\" ><span itemprop='name'>New CEO at MKAB Stork\u00f6k<\/span><\/span><\/span><\/article><article class='slide-entry flex_column  post-entry post-entry-7241 slide-entry-overview slide-loop-15 slide-parity-odd  av_one_third  real-thumbnail posttype-post post-format-standard'  itemscope=\"itemscope\" itemtype=\"https:\/\/schema.org\/CreativeWork\" ><a href='https:\/\/www.mkab.eu\/en\/mareno-m1-spisserien-med-oovertraffad-flexibilitet-for-restauranger\/' data-rel='slide-1' class='slide-image' title='The Mareno M1 tip series with unrivalled flexibility for restaurants'><img decoding=\"async\" fetchpriority=\"high\" width=\"495\" height=\"400\" src=\"https:\/\/i0.wp.com\/www.mkab.eu\/wp-content\/uploads\/2025\/05\/1694532065101.jpg?resize=495%2C400&amp;ssl=1\" class=\"wp-image-7242 avia-img-lazy-loading-not-7242 attachment-portfolio size-portfolio wp-post-image\" alt=\"A rendering showing a chef in a kitchen from Italian Mareno\" srcset=\"https:\/\/i0.wp.com\/www.mkab.eu\/wp-content\/uploads\/2025\/05\/1694532065101.jpg?resize=495%2C400&amp;ssl=1 495w, https:\/\/i0.wp.com\/www.mkab.eu\/wp-content\/uploads\/2025\/05\/1694532065101.jpg?resize=845%2C684&amp;ssl=1 845w, https:\/\/i0.wp.com\/www.mkab.eu\/wp-content\/uploads\/2025\/05\/1694532065101.jpg?zoom=2&amp;resize=495%2C400&amp;ssl=1 990w, https:\/\/i0.wp.com\/www.mkab.eu\/wp-content\/uploads\/2025\/05\/1694532065101.jpg?zoom=3&amp;resize=495%2C400&amp;ssl=1 1485w\" sizes=\"(max-width: 495px) 100vw, 495px\" \/><\/a><div class=\"slide-content\"><header class=\"entry-content-header\" aria-label=\"Slide: Mareno M1 tip series with unrivalled flexibility for restaurants\"><h3 class='slide-entry-title entry-title'  itemprop=\"headline\" ><a href='https:\/\/www.mkab.eu\/en\/mareno-m1-spisserien-med-oovertraffad-flexibilitet-for-restauranger\/' title='The Mareno M1 tip series with unrivalled flexibility for restaurants'>The Mareno M1 tip series with unrivalled flexibility for restaurants<\/a><\/h3><span class=\"av-vertical-delimiter\"><\/span><\/header><div class=\"slide-meta\"><time class='slide-meta-time updated'  itemprop=\"datePublished\" datetime=\"2025-01-22T17:19:42+01:00\" >22 January, 2025<\/time><\/div><div class='slide-entry-excerpt entry-content'  itemprop=\"text\" >With its modular design, the M1 series offers unrivalled adaptability - whether for a small bistro or a high-performance commercial kitchen.<div class=\"read-more-link\"><a href=\"https:\/\/www.mkab.eu\/en\/mareno-m1-spisserien-med-oovertraffad-flexibilitet-for-restauranger\/\" class=\"more-link\">Read more<span class='more-link-arrow avia-svg-icon avia-font-svg_entypo-fontello' data-av_svg_icon='right-open-big' data-av_iconset='svg_entypo-fontello'><svg version=\"1.1\" xmlns=\"http:\/\/www.w3.org\/2000\/svg\" width=\"15\" height=\"32\" viewbox=\"0 0 15 32\" preserveaspectratio=\"xMidYMid meet\" role=\"graphics-symbol\" aria-hidden=\"true\">\n<path d=\"M0.416 27.84l11.456-11.84-11.456-11.904q-0.832-0.832 0-1.536 0.832-0.832 1.536 0l12.544 12.608q0.768 0.832 0 1.6l-12.544 12.608q-0.704 0.832-1.536 0-0.832-0.704 0-1.536z\"><\/path>\n<\/svg><\/span><\/a><\/div><\/div><\/div><footer class=\"entry-footer\"><\/footer><span class='hidden'>\n\t\t\t\t<span class='av-structured-data'  itemprop=\"image\" itemscope=\"itemscope\" itemtype=\"https:\/\/schema.org\/ImageObject\" >\n\t\t\t\t\t\t<span itemprop='url'>https:\/\/i0.wp.com\/www.mkab.eu\/wp-content\/uploads\/2025\/05\/1694532065101.jpg?fit=1536%2C1536&ssl=1<\/span>\n\t\t\t\t\t\t<span itemprop='height'>1536<\/span>\n\t\t\t\t\t\t<span itemprop='width'>1536<\/span>\n\t\t\t\t<\/span>\n\t\t\t\t<span class='av-structured-data'  itemprop=\"publisher\" itemtype=\"https:\/\/schema.org\/Organization\" itemscope=\"itemscope\" >\n\t\t\t\t\t\t<span itemprop='name'>info@mkab.eu<\/span>\n\t\t\t\t\t\t<span itemprop='logo' itemscope itemtype='https:\/\/schema.org\/ImageObject'>\n\t\t\t\t\t\t\t<span itemprop='url'>https:\/\/www.mkab.eu\/wp-content\/uploads\/2024\/07\/Resurs-1.png<\/span>\n\t\t\t\t\t\t<\/span>\n\t\t\t\t<\/span><span class='av-structured-data'  itemprop=\"author\" itemscope=\"itemscope\" itemtype=\"https:\/\/schema.org\/Person\" ><span itemprop='name'>info@mkab.eu<\/span><\/span><span class='av-structured-data'  itemprop=\"datePublished\" datetime=\"2025-05-14T15:47:27+02:00\" >2025-01-22 17:19:42<\/span><span class='av-structured-data'  itemprop=\"dateModified\" itemtype=\"https:\/\/schema.org\/dateModified\" >2025-06-03 16:19:55<\/span><span class='av-structured-data'  itemprop=\"mainEntityOfPage\" itemtype=\"https:\/\/schema.org\/mainEntityOfPage\" ><span itemprop='name'>The Mareno M1 tip series with unrivalled flexibility for restaurants<\/span><\/span><\/span><\/article><\/div><div class=\"slide-entry-wrap\"><article class='slide-entry flex_column  post-entry post-entry-7235 slide-entry-overview slide-loop-16 slide-parity-odd  av_one_third first real-thumbnail posttype-post post-format-standard'  itemscope=\"itemscope\" itemtype=\"https:\/\/schema.org\/CreativeWork\" ><a href='https:\/\/www.mkab.eu\/en\/kyla-mat-som-ett-proffs\/' data-rel='slide-1' class='slide-image' title='Chilling food like a pro'><img decoding=\"async\" fetchpriority=\"high\" width=\"495\" height=\"400\" src=\"https:\/\/i0.wp.com\/www.mkab.eu\/wp-content\/uploads\/2025\/05\/Primax_Blast_Chillers_Kyla_ratt.jpg?resize=495%2C400&amp;ssl=1\" class=\"wp-image-7236 avia-img-lazy-loading-not-7236 attachment-portfolio size-portfolio wp-post-image\" alt=\"A brochure cover for our Primax Blast chillers. The cover shows a frosty, icy tree branch with a cherry blossom\" srcset=\"https:\/\/i0.wp.com\/www.mkab.eu\/wp-content\/uploads\/2025\/05\/Primax_Blast_Chillers_Kyla_ratt.jpg?resize=495%2C400&amp;ssl=1 495w, https:\/\/i0.wp.com\/www.mkab.eu\/wp-content\/uploads\/2025\/05\/Primax_Blast_Chillers_Kyla_ratt.jpg?resize=845%2C684&amp;ssl=1 845w, https:\/\/i0.wp.com\/www.mkab.eu\/wp-content\/uploads\/2025\/05\/Primax_Blast_Chillers_Kyla_ratt.jpg?zoom=2&amp;resize=495%2C400&amp;ssl=1 990w\" sizes=\"(max-width: 495px) 100vw, 495px\" \/><\/a><div class=\"slide-content\"><header class=\"entry-content-header\" aria-label=\"Slide: Chilling food like a pro\"><h3 class='slide-entry-title entry-title'  itemprop=\"headline\" ><a href='https:\/\/www.mkab.eu\/en\/kyla-mat-som-ett-proffs\/' title='Chilling food like a pro'>Chilling food like a pro<\/a><\/h3><span class=\"av-vertical-delimiter\"><\/span><\/header><div class=\"slide-meta\"><time class='slide-meta-time updated'  itemprop=\"datePublished\" datetime=\"2025-01-22T16:58:31+01:00\" >22 January, 2025<\/time><\/div><div class='slide-entry-excerpt entry-content'  itemprop=\"text\" >It is when knowledge is in the backbone that the working day runs smoothly. And when everyone in the kitchen knows how to chill properly, the risk of bacterial growth is reduced - and quality is increased.<div class=\"read-more-link\"><a href=\"https:\/\/www.mkab.eu\/en\/kyla-mat-som-ett-proffs\/\" class=\"more-link\">Read more<span class='more-link-arrow avia-svg-icon avia-font-svg_entypo-fontello' data-av_svg_icon='right-open-big' data-av_iconset='svg_entypo-fontello'><svg version=\"1.1\" xmlns=\"http:\/\/www.w3.org\/2000\/svg\" width=\"15\" height=\"32\" viewbox=\"0 0 15 32\" preserveaspectratio=\"xMidYMid meet\" role=\"graphics-symbol\" aria-hidden=\"true\">\n<path d=\"M0.416 27.84l11.456-11.84-11.456-11.904q-0.832-0.832 0-1.536 0.832-0.832 1.536 0l12.544 12.608q0.768 0.832 0 1.6l-12.544 12.608q-0.704 0.832-1.536 0-0.832-0.704 0-1.536z\"><\/path>\n<\/svg><\/span><\/a><\/div><\/div><\/div><footer class=\"entry-footer\"><\/footer><span class='hidden'>\n\t\t\t\t<span class='av-structured-data'  itemprop=\"image\" itemscope=\"itemscope\" itemtype=\"https:\/\/schema.org\/ImageObject\" >\n\t\t\t\t\t\t<span itemprop='url'>https:\/\/i0.wp.com\/www.mkab.eu\/wp-content\/uploads\/2025\/05\/Primax_Blast_Chillers_Kyla_ratt.jpg?fit=1063%2C1504&ssl=1<\/span>\n\t\t\t\t\t\t<span itemprop='height'>1504<\/span>\n\t\t\t\t\t\t<span itemprop='width'>1063<\/span>\n\t\t\t\t<\/span>\n\t\t\t\t<span class='av-structured-data'  itemprop=\"publisher\" itemtype=\"https:\/\/schema.org\/Organization\" itemscope=\"itemscope\" >\n\t\t\t\t\t\t<span itemprop='name'>info@mkab.eu<\/span>\n\t\t\t\t\t\t<span itemprop='logo' itemscope itemtype='https:\/\/schema.org\/ImageObject'>\n\t\t\t\t\t\t\t<span itemprop='url'>https:\/\/www.mkab.eu\/wp-content\/uploads\/2024\/07\/Resurs-1.png<\/span>\n\t\t\t\t\t\t<\/span>\n\t\t\t\t<\/span><span class='av-structured-data'  itemprop=\"author\" itemscope=\"itemscope\" itemtype=\"https:\/\/schema.org\/Person\" ><span itemprop='name'>info@mkab.eu<\/span><\/span><span class='av-structured-data'  itemprop=\"datePublished\" datetime=\"2025-05-14T15:47:27+02:00\" >2025-01-22 16:58:31<\/span><span class='av-structured-data'  itemprop=\"dateModified\" itemtype=\"https:\/\/schema.org\/dateModified\" >2025-06-03 16:28:06<\/span><span class='av-structured-data'  itemprop=\"mainEntityOfPage\" itemtype=\"https:\/\/schema.org\/mainEntityOfPage\" ><span itemprop='name'>Chilling food like a pro<\/span><\/span><\/span><\/article><article class='slide-entry flex_column  post-entry post-entry-7178 slide-entry-overview slide-loop-17 slide-parity-even  av_one_third  real-thumbnail posttype-post post-format-standard'  itemscope=\"itemscope\" itemtype=\"https:\/\/schema.org\/CreativeWork\" ><a href='https:\/\/www.mkab.eu\/en\/kraftfull-spisserie-mareno-m1-i-slottskoket-pa-sofiero\/' data-rel='slide-1' class='slide-image' title='Powerful stove series - Mareno M1 in the castle kitchen at Sofiero'><img decoding=\"async\" fetchpriority=\"high\" width=\"495\" height=\"400\" src=\"https:\/\/i0.wp.com\/www.mkab.eu\/wp-content\/uploads\/2025\/05\/mareno-sofiero.webp?resize=495%2C400&amp;ssl=1\" class=\"wp-image-7179 avia-img-lazy-loading-not-7179 attachment-portfolio size-portfolio wp-post-image\" alt=\"A chef in the kitchen of the Sofiero Castle restaurant called Verandan\" srcset=\"https:\/\/i0.wp.com\/www.mkab.eu\/wp-content\/uploads\/2025\/05\/mareno-sofiero.webp?resize=495%2C400&amp;ssl=1 495w, https:\/\/i0.wp.com\/www.mkab.eu\/wp-content\/uploads\/2025\/05\/mareno-sofiero.webp?resize=845%2C684&amp;ssl=1 845w, https:\/\/i0.wp.com\/www.mkab.eu\/wp-content\/uploads\/2025\/05\/mareno-sofiero.webp?zoom=2&amp;resize=495%2C400&amp;ssl=1 990w\" sizes=\"(max-width: 495px) 100vw, 495px\" \/><\/a><div class=\"slide-content\"><header class=\"entry-content-header\" aria-label=\"Slide: Powerful stove series - Mareno M1 in the castle kitchen at Sofiero\"><h3 class='slide-entry-title entry-title'  itemprop=\"headline\" ><a href='https:\/\/www.mkab.eu\/en\/kraftfull-spisserie-mareno-m1-i-slottskoket-pa-sofiero\/' title='Powerful stove series - Mareno M1 in the castle kitchen at Sofiero'>Powerful stove series - Mareno M1 in the castle kitchen at Sofiero<\/a><\/h3><span class=\"av-vertical-delimiter\"><\/span><\/header><div class=\"slide-meta\"><time class='slide-meta-time updated'  itemprop=\"datePublished\" datetime=\"2025-01-22T11:41:39+01:00\" >22 January, 2025<\/time><\/div><div class='slide-entry-excerpt entry-content'  itemprop=\"text\" >The fact that our equipment is part of such a stylish and well-planned kitchen is a testament to the quality we stand for - and to the power of choosing products that make a difference in everyday life.<div class=\"read-more-link\"><a href=\"https:\/\/www.mkab.eu\/en\/kraftfull-spisserie-mareno-m1-i-slottskoket-pa-sofiero\/\" class=\"more-link\">Read more<span class='more-link-arrow avia-svg-icon avia-font-svg_entypo-fontello' data-av_svg_icon='right-open-big' data-av_iconset='svg_entypo-fontello'><svg version=\"1.1\" xmlns=\"http:\/\/www.w3.org\/2000\/svg\" width=\"15\" height=\"32\" viewbox=\"0 0 15 32\" preserveaspectratio=\"xMidYMid meet\" role=\"graphics-symbol\" aria-hidden=\"true\">\n<path d=\"M0.416 27.84l11.456-11.84-11.456-11.904q-0.832-0.832 0-1.536 0.832-0.832 1.536 0l12.544 12.608q0.768 0.832 0 1.6l-12.544 12.608q-0.704 0.832-1.536 0-0.832-0.704 0-1.536z\"><\/path>\n<\/svg><\/span><\/a><\/div><\/div><\/div><footer class=\"entry-footer\"><\/footer><span class='hidden'>\n\t\t\t\t<span class='av-structured-data'  itemprop=\"image\" itemscope=\"itemscope\" itemtype=\"https:\/\/schema.org\/ImageObject\" >\n\t\t\t\t\t\t<span itemprop='url'>https:\/\/i0.wp.com\/www.mkab.eu\/wp-content\/uploads\/2025\/05\/mareno-sofiero.webp?fit=1134%2C1330&ssl=1<\/span>\n\t\t\t\t\t\t<span itemprop='height'>1330<\/span>\n\t\t\t\t\t\t<span itemprop='width'>1134<\/span>\n\t\t\t\t<\/span>\n\t\t\t\t<span class='av-structured-data'  itemprop=\"publisher\" itemtype=\"https:\/\/schema.org\/Organization\" itemscope=\"itemscope\" >\n\t\t\t\t\t\t<span itemprop='name'>info@mkab.eu<\/span>\n\t\t\t\t\t\t<span itemprop='logo' itemscope itemtype='https:\/\/schema.org\/ImageObject'>\n\t\t\t\t\t\t\t<span itemprop='url'>https:\/\/www.mkab.eu\/wp-content\/uploads\/2024\/07\/Resurs-1.png<\/span>\n\t\t\t\t\t\t<\/span>\n\t\t\t\t<\/span><span class='av-structured-data'  itemprop=\"author\" itemscope=\"itemscope\" itemtype=\"https:\/\/schema.org\/Person\" ><span itemprop='name'>info@mkab.eu<\/span><\/span><span class='av-structured-data'  itemprop=\"datePublished\" datetime=\"2025-05-14T15:47:27+02:00\" >2025-01-22 11:41:39<\/span><span class='av-structured-data'  itemprop=\"dateModified\" itemtype=\"https:\/\/schema.org\/dateModified\" >2025-06-03 16:33:18<\/span><span class='av-structured-data'  itemprop=\"mainEntityOfPage\" itemtype=\"https:\/\/schema.org\/mainEntityOfPage\" ><span itemprop='name'>Powerful stove series - Mareno M1 in the castle kitchen at Sofiero<\/span><\/span><\/span><\/article><article class='slide-entry flex_column  post-entry post-entry-7148 slide-entry-overview slide-loop-18 slide-parity-odd  av_one_third  real-thumbnail posttype-post post-format-standard'  itemscope=\"itemscope\" itemtype=\"https:\/\/schema.org\/CreativeWork\" ><a href='https:\/\/www.mkab.eu\/en\/werys-fritoser-uppgraderas-efter-kundernas-onskemal\/' data-rel='slide-1' class='slide-image' title='Werys fryers are upgraded according to customer requests'><img decoding=\"async\" fetchpriority=\"high\" width=\"495\" height=\"400\" src=\"https:\/\/i0.wp.com\/www.mkab.eu\/wp-content\/uploads\/2025\/05\/wery_avtappningsventil.jpg?resize=495%2C400&amp;ssl=1\" class=\"wp-image-7150 avia-img-lazy-loading-not-7150 attachment-portfolio size-portfolio wp-post-image\" alt=\"Drain valve on Wery fryer\" srcset=\"https:\/\/i0.wp.com\/www.mkab.eu\/wp-content\/uploads\/2025\/05\/wery_avtappningsventil.jpg?resize=495%2C400&amp;ssl=1 495w, https:\/\/i0.wp.com\/www.mkab.eu\/wp-content\/uploads\/2025\/05\/wery_avtappningsventil.jpg?resize=845%2C684&amp;ssl=1 845w, https:\/\/i0.wp.com\/www.mkab.eu\/wp-content\/uploads\/2025\/05\/wery_avtappningsventil.jpg?zoom=2&amp;resize=495%2C400&amp;ssl=1 990w, https:\/\/i0.wp.com\/www.mkab.eu\/wp-content\/uploads\/2025\/05\/wery_avtappningsventil.jpg?zoom=3&amp;resize=495%2C400&amp;ssl=1 1485w\" sizes=\"(max-width: 495px) 100vw, 495px\" \/><\/a><div class=\"slide-content\"><header class=\"entry-content-header\" aria-label=\"Slide: Werys fryers are upgraded according to customers&#039; wishes\"><h3 class='slide-entry-title entry-title'  itemprop=\"headline\" ><a href='https:\/\/www.mkab.eu\/en\/werys-fritoser-uppgraderas-efter-kundernas-onskemal\/' title='Werys fryers are upgraded according to customer requests'>Werys fryers are upgraded according to customer requests<\/a><\/h3><span class=\"av-vertical-delimiter\"><\/span><\/header><div class=\"slide-meta\"><time class='slide-meta-time updated'  itemprop=\"datePublished\" datetime=\"2025-01-20T09:32:18+01:00\" >20 January, 2025<\/time><\/div><div class='slide-entry-excerpt entry-content'  itemprop=\"text\" >It's often the small details that determine how smoothly a kitchen runs. With the Wery's updated fryers, you get a smarter solution for emptying fryer oil - saving both time and unnecessary labour.<div class=\"read-more-link\"><a href=\"https:\/\/www.mkab.eu\/en\/werys-fritoser-uppgraderas-efter-kundernas-onskemal\/\" class=\"more-link\">Read more<span class='more-link-arrow avia-svg-icon avia-font-svg_entypo-fontello' data-av_svg_icon='right-open-big' data-av_iconset='svg_entypo-fontello'><svg version=\"1.1\" xmlns=\"http:\/\/www.w3.org\/2000\/svg\" width=\"15\" height=\"32\" viewbox=\"0 0 15 32\" preserveaspectratio=\"xMidYMid meet\" role=\"graphics-symbol\" aria-hidden=\"true\">\n<path d=\"M0.416 27.84l11.456-11.84-11.456-11.904q-0.832-0.832 0-1.536 0.832-0.832 1.536 0l12.544 12.608q0.768 0.832 0 1.6l-12.544 12.608q-0.704 0.832-1.536 0-0.832-0.704 0-1.536z\"><\/path>\n<\/svg><\/span><\/a><\/div><\/div><\/div><footer class=\"entry-footer\"><\/footer><span class='hidden'>\n\t\t\t\t<span class='av-structured-data'  itemprop=\"image\" itemscope=\"itemscope\" itemtype=\"https:\/\/schema.org\/ImageObject\" >\n\t\t\t\t\t\t<span itemprop='url'>https:\/\/i0.wp.com\/www.mkab.eu\/wp-content\/uploads\/2025\/05\/wery_avtappningsventil.jpg?fit=1748%2C1240&ssl=1<\/span>\n\t\t\t\t\t\t<span itemprop='height'>1240<\/span>\n\t\t\t\t\t\t<span itemprop='width'>1748<\/span>\n\t\t\t\t<\/span>\n\t\t\t\t<span class='av-structured-data'  itemprop=\"publisher\" itemtype=\"https:\/\/schema.org\/Organization\" itemscope=\"itemscope\" >\n\t\t\t\t\t\t<span itemprop='name'>info@mkab.eu<\/span>\n\t\t\t\t\t\t<span itemprop='logo' itemscope itemtype='https:\/\/schema.org\/ImageObject'>\n\t\t\t\t\t\t\t<span itemprop='url'>https:\/\/www.mkab.eu\/wp-content\/uploads\/2024\/07\/Resurs-1.png<\/span>\n\t\t\t\t\t\t<\/span>\n\t\t\t\t<\/span><span class='av-structured-data'  itemprop=\"author\" itemscope=\"itemscope\" itemtype=\"https:\/\/schema.org\/Person\" ><span itemprop='name'>info@mkab.eu<\/span><\/span><span class='av-structured-data'  itemprop=\"datePublished\" datetime=\"2025-05-14T15:47:27+02:00\" >2025-01-20 09:32:18<\/span><span class='av-structured-data'  itemprop=\"dateModified\" itemtype=\"https:\/\/schema.org\/dateModified\" >2025-06-03 16:43:33<\/span><span class='av-structured-data'  itemprop=\"mainEntityOfPage\" itemtype=\"https:\/\/schema.org\/mainEntityOfPage\" ><span itemprop='name'>Werys fryers are upgraded according to customer requests<\/span><\/span><\/span><\/article><\/div><div class=\"slide-entry-wrap\"><article class='slide-entry flex_column  post-entry post-entry-7053 slide-entry-overview slide-loop-19 slide-parity-odd  post-entry-last  av_one_third first real-thumbnail posttype-post post-format-standard'  itemscope=\"itemscope\" itemtype=\"https:\/\/schema.org\/CreativeWork\" ><a href='https:\/\/www.mkab.eu\/en\/effektiva-energibesparande-salamander-for-restaurangkok\/' data-rel='slide-1' class='slide-image' title='Efficient, energy-saving salamanders for catering kitchens'><img decoding=\"async\" fetchpriority=\"high\" width=\"495\" height=\"400\" src=\"https:\/\/i0.wp.com\/www.mkab.eu\/wp-content\/uploads\/2025\/05\/%C2%B4Technoinox-Quicksalamander.jpg?resize=495%2C400&amp;ssl=1\" class=\"wp-image-7078 avia-img-lazy-loading-not-7078 attachment-portfolio size-portfolio wp-post-image\" alt=\"A super-fast salamander that is a kind of grill used in restaurant kitchens\" \/><\/a><div class=\"slide-content\"><header class=\"entry-content-header\" aria-label=\"Slide: Efficient, energy-saving salamanders for catering kitchens\"><h3 class='slide-entry-title entry-title'  itemprop=\"headline\" ><a href='https:\/\/www.mkab.eu\/en\/effektiva-energibesparande-salamander-for-restaurangkok\/' title='Efficient, energy-saving salamanders for catering kitchens'>Efficient, energy-saving salamanders for catering kitchens<\/a><\/h3><span class=\"av-vertical-delimiter\"><\/span><\/header><div class=\"slide-meta\"><time class='slide-meta-time updated'  itemprop=\"datePublished\" datetime=\"2025-01-14T16:00:15+01:00\" >14 January, 2025<\/time><\/div><div class='slide-entry-excerpt entry-content'  itemprop=\"text\" >Technoinox's efficient Quick Salamander is ideal for fast gratinating, hot holding, cooking and regeneration.<div class=\"read-more-link\"><a href=\"https:\/\/www.mkab.eu\/en\/effektiva-energibesparande-salamander-for-restaurangkok\/\" class=\"more-link\">Read more<span class='more-link-arrow avia-svg-icon avia-font-svg_entypo-fontello' data-av_svg_icon='right-open-big' data-av_iconset='svg_entypo-fontello'><svg version=\"1.1\" xmlns=\"http:\/\/www.w3.org\/2000\/svg\" width=\"15\" height=\"32\" viewbox=\"0 0 15 32\" preserveaspectratio=\"xMidYMid meet\" role=\"graphics-symbol\" aria-hidden=\"true\">\n<path d=\"M0.416 27.84l11.456-11.84-11.456-11.904q-0.832-0.832 0-1.536 0.832-0.832 1.536 0l12.544 12.608q0.768 0.832 0 1.6l-12.544 12.608q-0.704 0.832-1.536 0-0.832-0.704 0-1.536z\"><\/path>\n<\/svg><\/span><\/a><\/div><\/div><\/div><footer class=\"entry-footer\"><\/footer><span class='hidden'>\n\t\t\t\t<span class='av-structured-data'  itemprop=\"image\" itemscope=\"itemscope\" itemtype=\"https:\/\/schema.org\/ImageObject\" >\n\t\t\t\t\t\t<span itemprop='url'>https:\/\/i0.wp.com\/www.mkab.eu\/wp-content\/uploads\/2025\/05\/%C2%B4Technoinox-Quicksalamander.jpg?fit=1160%2C526&ssl=1<\/span>\n\t\t\t\t\t\t<span itemprop='height'>526<\/span>\n\t\t\t\t\t\t<span itemprop='width'>1160<\/span>\n\t\t\t\t<\/span>\n\t\t\t\t<span class='av-structured-data'  itemprop=\"publisher\" itemtype=\"https:\/\/schema.org\/Organization\" itemscope=\"itemscope\" >\n\t\t\t\t\t\t<span itemprop='name'>support@vikab.com<\/span>\n\t\t\t\t\t\t<span itemprop='logo' itemscope itemtype='https:\/\/schema.org\/ImageObject'>\n\t\t\t\t\t\t\t<span itemprop='url'>https:\/\/www.mkab.eu\/wp-content\/uploads\/2024\/07\/Resurs-1.png<\/span>\n\t\t\t\t\t\t<\/span>\n\t\t\t\t<\/span><span class='av-structured-data'  itemprop=\"author\" itemscope=\"itemscope\" itemtype=\"https:\/\/schema.org\/Person\" ><span itemprop='name'>support@vikab.com<\/span><\/span><span class='av-structured-data'  itemprop=\"datePublished\" datetime=\"2025-05-14T15:47:27+02:00\" >2025-01-14 16:00:15<\/span><span class='av-structured-data'  itemprop=\"dateModified\" itemtype=\"https:\/\/schema.org\/dateModified\" >2025-06-03 16:48:32<\/span><span class='av-structured-data'  itemprop=\"mainEntityOfPage\" itemtype=\"https:\/\/schema.org\/mainEntityOfPage\" ><span itemprop='name'>Efficient, energy-saving salamanders for catering kitchens<\/span><\/span><\/span><\/article><\/div><\/div><\/div><br \/>\n\n<style type=\"text\/css\" data-created_by=\"avia_inline_auto\" id=\"style-css-av-1m9mwl-544e68101bf7f8a294163e8029723081\">\n#top .hr.av-1m9mwl-544e68101bf7f8a294163e8029723081{\nmargin-top:0px;\nmargin-bottom:0px;\n}\n.hr.av-1m9mwl-544e68101bf7f8a294163e8029723081 .hr-inner{\nwidth:100%;\n}\n<\/style>\n<div  class='hr av-1m9mwl-544e68101bf7f8a294163e8029723081 hr-custom  avia-builder-el-3  el_after_av_blog  avia-builder-el-last  hr-center hr-icon-no'><span class='hr-inner inner-border-av-border-thin'><span class=\"hr-inner-style\"><\/span><\/span><\/div><\/p><\/div>","protected":false},"excerpt":{"rendered":"","protected":false},"author":3,"featured_media":0,"parent":0,"menu_order":0,"comment_status":"closed","ping_status":"closed","template":"","meta":{"_monsterinsights_skip_tracking":false,"_monsterinsights_sitenote_active":false,"_monsterinsights_sitenote_note":"","_monsterinsights_sitenote_category":0,"footnotes":""},"class_list":["post-7035","page","type-page","status-publish","hentry"],"_links":{"self":[{"href":"https:\/\/www.mkab.eu\/en\/wp-json\/wp\/v2\/pages\/7035","targetHints":{"allow":["GET"]}}],"collection":[{"href":"https:\/\/www.mkab.eu\/en\/wp-json\/wp\/v2\/pages"}],"about":[{"href":"https:\/\/www.mkab.eu\/en\/wp-json\/wp\/v2\/types\/page"}],"author":[{"embeddable":true,"href":"https:\/\/www.mkab.eu\/en\/wp-json\/wp\/v2\/users\/3"}],"replies":[{"embeddable":true,"href":"https:\/\/www.mkab.eu\/en\/wp-json\/wp\/v2\/comments?post=7035"}],"version-history":[{"count":6,"href":"https:\/\/www.mkab.eu\/en\/wp-json\/wp\/v2\/pages\/7035\/revisions"}],"predecessor-version":[{"id":7956,"href":"https:\/\/www.mkab.eu\/en\/wp-json\/wp\/v2\/pages\/7035\/revisions\/7956"}],"wp:attachment":[{"href":"https:\/\/www.mkab.eu\/en\/wp-json\/wp\/v2\/media?parent=7035"}],"curies":[{"name":"wp","href":"https:\/\/api.w.org\/{rel}","templated":true}]}}